{"id":2778,"date":"2026-03-22T15:05:38","date_gmt":"2026-03-22T14:05:38","guid":{"rendered":"https:\/\/liceumlaszczow.eu\/?page_id=2778"},"modified":"2026-03-26T22:45:00","modified_gmt":"2026-03-26T21:45:00","slug":"2021-2022","status":"publish","type":"page","link":"https:\/\/liceumlaszczow.eu\/index.php\/2021-2022\/","title":{"rendered":"Rok szkolny 2021-2022"},"content":{"rendered":"\t\t<div data-elementor-type=\"wp-page\" data-elementor-id=\"2778\" class=\"elementor elementor-2778\">\n\t\t\t\t\t\t<section class=\"elementor-section elementor-top-section elementor-element elementor-element-f14ea23 elementor-section-boxed elementor-section-height-default elementor-section-height-default\" data-id=\"f14ea23\" data-element_type=\"section\" data-e-type=\"section\">\n\t\t\t\t\t\t<div class=\"elementor-container elementor-column-gap-default\">\n\t\t\t\t\t<div class=\"elementor-column elementor-col-100 elementor-top-column elementor-element elementor-element-91c91d3\" data-id=\"91c91d3\" data-element_type=\"column\" data-e-type=\"column\">\n\t\t\t<div class=\"elementor-widget-wrap elementor-element-populated\">\n\t\t\t\t\t\t<div class=\"elementor-element elementor-element-c494193 elementor-widget elementor-widget-text-editor\" data-id=\"c494193\" data-element_type=\"widget\" data-e-type=\"widget\" data-widget_type=\"text-editor.default\">\n\t\t\t\t<div class=\"elementor-widget-container\">\n\t\t\t\t\t\t\t\t\t<p>\u00a0<\/p><p><b>\u00a0<\/b><\/p><p><b>czerwiec 2022<\/b><\/p><p><b>XXXVII Olimpiada Wiedzy Ekologicznej w Warszawie-etap centralny.<\/b><\/p><p>\u00a0<\/p><p><span style=\"font-weight: 400;\">Wydziale Le\u015bnym Szko\u0142y G\u0142\u00f3wnej Gospodarstwa Wiejskiego odby\u0142 si\u0119 etap centralny olimpiady. Nasz\u0105 szko\u0142\u0119 na olimpiadzie (etap centralny) reprezentowa\u0142 ucze\u0144 klasy III <\/span><b>Karol Marczak<\/b><span style=\"font-weight: 400;\">,uzyskuj\u0105c tytu\u0142 finalisty(10 miejsce w Polsce).<\/span><\/p>\t\t\t\t\t\t\t\t<\/div>\n\t\t\t\t<\/div>\n\t\t\t\t<div class=\"elementor-element elementor-element-a7c284e elementor-widget elementor-widget-button\" data-id=\"a7c284e\" data-element_type=\"widget\" data-e-type=\"widget\" data-widget_type=\"button.default\">\n\t\t\t\t<div class=\"elementor-widget-container\">\n\t\t\t\t\t\t\t\t\t<div class=\"elementor-button-wrapper\">\n\t\t\t\t\t<a class=\"elementor-button elementor-button-link elementor-size-sm\" href=\"https:\/\/parki.lubelskie.pl\/aktualnosci\/final-centralny-xxxvii-olimpiady-wiedzy-ekologicznej\">\n\t\t\t\t\t\t<span class=\"elementor-button-content-wrapper\">\n\t\t\t\t\t\t\t\t\t<span class=\"elementor-button-text\">Relacja z fina\u0142u<\/span>\n\t\t\t\t\t<\/span>\n\t\t\t\t\t<\/a>\n\t\t\t\t<\/div>\n\t\t\t\t\t\t\t\t<\/div>\n\t\t\t\t<\/div>\n\t\t\t\t<div class=\"elementor-element elementor-element-2d03356 elementor-widget elementor-widget-text-editor\" data-id=\"2d03356\" data-element_type=\"widget\" data-e-type=\"widget\" data-widget_type=\"text-editor.default\">\n\t\t\t\t<div class=\"elementor-widget-container\">\n\t\t\t\t\t\t\t\t\t<p>\u00a0<\/p><p><b>maj 2022<\/b><\/p><p><b>Warsztaty tereno<\/b><b style=\"font-style: inherit;\">we z le\u015bnikiem<\/b><b style=\"font-style: inherit;\">a terenie N<\/b><b style=\"font-style: inherit;\">adle\u015bnictwa Tomasz\u00f3w Lubelski<\/b><b style=\"font-style: inherit;\">.<\/b><\/p><p><div id='gallery-1' class='gallery galleryid-2778 gallery-columns-3 gallery-size-medium'><figure class='gallery-item'>\n\t\t\t<div class='gallery-icon landscape'>\n\t\t\t\t<a href='https:\/\/liceumlaszczow.eu\/index.php\/2021-2022\/fb_img_1679340989222\/'><img fetchpriority=\"high\" decoding=\"async\" width=\"300\" height=\"169\" src=\"https:\/\/liceumlaszczow.eu\/wp-content\/uploads\/2026\/03\/FB_IMG_1679340989222-300x169.jpg\" class=\"attachment-medium size-medium\" alt=\"\" aria-describedby=\"gallery-1-2789\" srcset=\"https:\/\/liceumlaszczow.eu\/wp-content\/uploads\/2026\/03\/FB_IMG_1679340989222-300x169.jpg 300w, https:\/\/liceumlaszczow.eu\/wp-content\/uploads\/2026\/03\/FB_IMG_1679340989222-1024x576.jpg 1024w, https:\/\/liceumlaszczow.eu\/wp-content\/uploads\/2026\/03\/FB_IMG_1679340989222-768x432.jpg 768w, https:\/\/liceumlaszczow.eu\/wp-content\/uploads\/2026\/03\/FB_IMG_1679340989222.jpg 1080w\" sizes=\"(max-width: 300px) 100vw, 300px\" \/><\/a>\n\t\t\t<\/div>\n\t\t\t\t<figcaption class='wp-caption-text gallery-caption' id='gallery-1-2789'>\n\t\t\t\tWarsztaty z  le\u015bnikiem\n\t\t\t\t<\/figcaption><\/figure><figure class='gallery-item'>\n\t\t\t<div class='gallery-icon landscape'>\n\t\t\t\t<a href='https:\/\/liceumlaszczow.eu\/index.php\/2021-2022\/fb_img_1679340979468\/'><img decoding=\"async\" width=\"300\" height=\"169\" src=\"https:\/\/liceumlaszczow.eu\/wp-content\/uploads\/2026\/03\/FB_IMG_1679340979468-300x169.jpg\" class=\"attachment-medium size-medium\" alt=\"Warsztaty z le\u015bnikiem\" aria-describedby=\"gallery-1-2790\" srcset=\"https:\/\/liceumlaszczow.eu\/wp-content\/uploads\/2026\/03\/FB_IMG_1679340979468-300x169.jpg 300w, https:\/\/liceumlaszczow.eu\/wp-content\/uploads\/2026\/03\/FB_IMG_1679340979468-1024x576.jpg 1024w, https:\/\/liceumlaszczow.eu\/wp-content\/uploads\/2026\/03\/FB_IMG_1679340979468-768x432.jpg 768w, https:\/\/liceumlaszczow.eu\/wp-content\/uploads\/2026\/03\/FB_IMG_1679340979468.jpg 1080w\" sizes=\"(max-width: 300px) 100vw, 300px\" \/><\/a>\n\t\t\t<\/div>\n\t\t\t\t<figcaption class='wp-caption-text gallery-caption' id='gallery-1-2790'>\n\t\t\t\tWarsztaty z le\u015bnikiem\n\t\t\t\t<\/figcaption><\/figure>\n\t\t<\/div>\n<\/p><p><b>\u00a0<\/b><\/p>\t\t\t\t\t\t\t\t<\/div>\n\t\t\t\t<\/div>\n\t\t\t\t\t<\/div>\n\t\t<\/div>\n\t\t\t\t\t<\/div>\n\t\t<\/section>\n\t\t\t\t<section class=\"elementor-section elementor-top-section elementor-element elementor-element-7d291dc elementor-section-boxed elementor-section-height-default elementor-section-height-default\" data-id=\"7d291dc\" data-element_type=\"section\" data-e-type=\"section\">\n\t\t\t\t\t\t<div class=\"elementor-container elementor-column-gap-default\">\n\t\t\t\t\t<div class=\"elementor-column elementor-col-100 elementor-top-column elementor-element elementor-element-4960954\" data-id=\"4960954\" data-element_type=\"column\" data-e-type=\"column\">\n\t\t\t<div class=\"elementor-widget-wrap elementor-element-populated\">\n\t\t\t\t\t\t<div class=\"elementor-element elementor-element-d66a0cc elementor-widget__width-initial elementor-widget elementor-widget-text-editor\" data-id=\"d66a0cc\" data-element_type=\"widget\" data-e-type=\"widget\" data-widget_type=\"text-editor.default\">\n\t\t\t\t<div class=\"elementor-widget-container\">\n\t\t\t\t\t\t\t\t\t<p><b>\u00a0<\/b><\/p><p><b>maj 2022\u00a0\u00a0<\/b><\/p><p><b style=\"font-style: inherit;\">\u015awi\u0119to Park\u00f3w Krajobrazowych Wojew\u00f3dztwa Lubelskiego w Sobieszynie.<\/b><\/p><p><span style=\"font-weight: 400;\">\u015awi\u0119to Park\u00f3w Krajobrazowych by\u0142o okazj\u0105 do wr\u0119czenia nagr\u00f3d laureatom etapu okr\u0119gowego Olimpiady Ekologicznej. Tym razem Dzie\u0144 Park\u00f3w zosta\u0142 przygotowany na terenie Obszaru Chronionego,,Pradolina Wieprza\u201d w O\u015brodku Edukacji Ekologicznej w Sobieszynie , a jednym z nagrodzonych by\u0142 ucze\u0144 naszej szko\u0142y\u00a0<\/span><b style=\"font-style: inherit;\">Karol Marcza<\/b><b style=\"font-style: inherit;\">k.<\/b><\/p><p><div id='gallery-2' class='gallery galleryid-2778 gallery-columns-3 gallery-size-medium'><figure class='gallery-item'>\n\t\t\t<div class='gallery-icon landscape'>\n\t\t\t\t<a href='https:\/\/liceumlaszczow.eu\/index.php\/2021-2022\/fb_img_1679340905326\/'><img decoding=\"async\" width=\"300\" height=\"169\" src=\"https:\/\/liceumlaszczow.eu\/wp-content\/uploads\/2026\/03\/FB_IMG_1679340905326-300x169.jpg\" class=\"attachment-medium size-medium\" alt=\"\" aria-describedby=\"gallery-2-2788\" srcset=\"https:\/\/liceumlaszczow.eu\/wp-content\/uploads\/2026\/03\/FB_IMG_1679340905326-300x169.jpg 300w, https:\/\/liceumlaszczow.eu\/wp-content\/uploads\/2026\/03\/FB_IMG_1679340905326-1024x576.jpg 1024w, https:\/\/liceumlaszczow.eu\/wp-content\/uploads\/2026\/03\/FB_IMG_1679340905326-768x432.jpg 768w, https:\/\/liceumlaszczow.eu\/wp-content\/uploads\/2026\/03\/FB_IMG_1679340905326.jpg 1080w\" sizes=\"(max-width: 300px) 100vw, 300px\" \/><\/a>\n\t\t\t<\/div>\n\t\t\t\t<figcaption class='wp-caption-text gallery-caption' id='gallery-2-2788'>\n\t\t\t\t\u015awi\u0119to Park\u00f3w Krajobrazowych\n\t\t\t\t<\/figcaption><\/figure><figure class='gallery-item'>\n\t\t\t<div class='gallery-icon portrait'>\n\t\t\t\t<a href='https:\/\/liceumlaszczow.eu\/index.php\/2021-2022\/fb_img_1679340887720\/'><img loading=\"lazy\" decoding=\"async\" width=\"169\" height=\"300\" src=\"https:\/\/liceumlaszczow.eu\/wp-content\/uploads\/2026\/03\/FB_IMG_1679340887720-169x300.jpg\" class=\"attachment-medium size-medium\" alt=\"\" aria-describedby=\"gallery-2-2787\" srcset=\"https:\/\/liceumlaszczow.eu\/wp-content\/uploads\/2026\/03\/FB_IMG_1679340887720-169x300.jpg 169w, https:\/\/liceumlaszczow.eu\/wp-content\/uploads\/2026\/03\/FB_IMG_1679340887720-577x1024.jpg 577w, https:\/\/liceumlaszczow.eu\/wp-content\/uploads\/2026\/03\/FB_IMG_1679340887720-768x1364.jpg 768w, https:\/\/liceumlaszczow.eu\/wp-content\/uploads\/2026\/03\/FB_IMG_1679340887720-865x1536.jpg 865w, https:\/\/liceumlaszczow.eu\/wp-content\/uploads\/2026\/03\/FB_IMG_1679340887720.jpg 1080w\" sizes=\"(max-width: 169px) 100vw, 169px\" \/><\/a>\n\t\t\t<\/div>\n\t\t\t\t<figcaption class='wp-caption-text gallery-caption' id='gallery-2-2787'>\n\t\t\t\t\u015awi\u0119to Park\u00f3w Krajobrazowych\n\t\t\t\t<\/figcaption><\/figure><figure class='gallery-item'>\n\t\t\t<div class='gallery-icon landscape'>\n\t\t\t\t<a href='https:\/\/liceumlaszczow.eu\/index.php\/2021-2022\/fb_img_1679340868582\/'><img loading=\"lazy\" decoding=\"async\" width=\"300\" height=\"169\" src=\"https:\/\/liceumlaszczow.eu\/wp-content\/uploads\/2026\/03\/FB_IMG_1679340868582-300x169.jpg\" class=\"attachment-medium size-medium\" alt=\"\u015awi\u0119to Park\u00f3w Krajobrazowych\" aria-describedby=\"gallery-2-2786\" srcset=\"https:\/\/liceumlaszczow.eu\/wp-content\/uploads\/2026\/03\/FB_IMG_1679340868582-300x169.jpg 300w, https:\/\/liceumlaszczow.eu\/wp-content\/uploads\/2026\/03\/FB_IMG_1679340868582-1024x576.jpg 1024w, https:\/\/liceumlaszczow.eu\/wp-content\/uploads\/2026\/03\/FB_IMG_1679340868582-768x432.jpg 768w, https:\/\/liceumlaszczow.eu\/wp-content\/uploads\/2026\/03\/FB_IMG_1679340868582.jpg 1080w\" sizes=\"(max-width: 300px) 100vw, 300px\" \/><\/a>\n\t\t\t<\/div>\n\t\t\t\t<figcaption class='wp-caption-text gallery-caption' id='gallery-2-2786'>\n\t\t\t\t\u015awi\u0119to Park\u00f3w Krajobrazowych\n\t\t\t\t<\/figcaption><\/figure>\n\t\t<\/div>\n<\/p><p><b>\u00a0<\/b><\/p>\t\t\t\t\t\t\t\t<\/div>\n\t\t\t\t<\/div>\n\t\t\t\t<div class=\"elementor-element elementor-element-b995c91 elementor-widget elementor-widget-button\" data-id=\"b995c91\" data-element_type=\"widget\" data-e-type=\"widget\" data-widget_type=\"button.default\">\n\t\t\t\t<div class=\"elementor-widget-container\">\n\t\t\t\t\t\t\t\t\t<div class=\"elementor-button-wrapper\">\n\t\t\t\t\t<a class=\"elementor-button elementor-button-link elementor-size-sm\" href=\"https:\/\/kurierlubelski.pl\/swieto-parkow-krajobrazowych-wojewodztwa-lubelskiego-odkrywamy-pradoline-wieprza-w-sobieszynie\/ar\/c7-16353631\">\n\t\t\t\t\t\t<span class=\"elementor-button-content-wrapper\">\n\t\t\t\t\t\t\t\t\t<span class=\"elementor-button-text\">Relacja<\/span>\n\t\t\t\t\t<\/span>\n\t\t\t\t\t<\/a>\n\t\t\t\t<\/div>\n\t\t\t\t\t\t\t\t<\/div>\n\t\t\t\t<\/div>\n\t\t\t\t<div class=\"elementor-element elementor-element-71e73dd elementor-widget elementor-widget-text-editor\" data-id=\"71e73dd\" data-element_type=\"widget\" data-e-type=\"widget\" data-widget_type=\"text-editor.default\">\n\t\t\t\t<div class=\"elementor-widget-container\">\n\t\t\t\t\t\t\t\t\t<p>\u00a0<\/p><p><strong>kwiecie\u0144 2022<\/strong><\/p><p><b>Operacja Czys<\/b><b style=\"font-style: inherit;\">ta Rzeka<\/b><\/p><p><div id='gallery-3' class='gallery galleryid-2778 gallery-columns-3 gallery-size-medium'><figure class='gallery-item'>\n\t\t\t<div class='gallery-icon portrait'>\n\t\t\t\t<a href='https:\/\/liceumlaszczow.eu\/index.php\/2021-2022\/fb_img_1679341182524\/'><img loading=\"lazy\" decoding=\"async\" width=\"169\" height=\"300\" src=\"https:\/\/liceumlaszczow.eu\/wp-content\/uploads\/2026\/03\/FB_IMG_1679341182524-169x300.jpg\" class=\"attachment-medium size-medium\" alt=\"Operacja Czysta\" aria-describedby=\"gallery-3-2794\" srcset=\"https:\/\/liceumlaszczow.eu\/wp-content\/uploads\/2026\/03\/FB_IMG_1679341182524-169x300.jpg 169w, https:\/\/liceumlaszczow.eu\/wp-content\/uploads\/2026\/03\/FB_IMG_1679341182524-577x1024.jpg 577w, https:\/\/liceumlaszczow.eu\/wp-content\/uploads\/2026\/03\/FB_IMG_1679341182524-768x1364.jpg 768w, https:\/\/liceumlaszczow.eu\/wp-content\/uploads\/2026\/03\/FB_IMG_1679341182524-865x1536.jpg 865w, https:\/\/liceumlaszczow.eu\/wp-content\/uploads\/2026\/03\/FB_IMG_1679341182524.jpg 1080w\" sizes=\"(max-width: 169px) 100vw, 169px\" \/><\/a>\n\t\t\t<\/div>\n\t\t\t\t<figcaption class='wp-caption-text gallery-caption' id='gallery-3-2794'>\n\t\t\t\tOperacja Czysta Rzeka 2022\n\t\t\t\t<\/figcaption><\/figure><figure class='gallery-item'>\n\t\t\t<div class='gallery-icon portrait'>\n\t\t\t\t<a href='https:\/\/liceumlaszczow.eu\/index.php\/2021-2022\/fb_img_1679341084727\/'><img loading=\"lazy\" decoding=\"async\" width=\"224\" height=\"300\" src=\"https:\/\/liceumlaszczow.eu\/wp-content\/uploads\/2026\/03\/FB_IMG_1679341084727-224x300.jpg\" class=\"attachment-medium size-medium\" alt=\"Operacja Czysta Rzeka 2022\" aria-describedby=\"gallery-3-2791\" srcset=\"https:\/\/liceumlaszczow.eu\/wp-content\/uploads\/2026\/03\/FB_IMG_1679341084727-224x300.jpg 224w, https:\/\/liceumlaszczow.eu\/wp-content\/uploads\/2026\/03\/FB_IMG_1679341084727-766x1024.jpg 766w, https:\/\/liceumlaszczow.eu\/wp-content\/uploads\/2026\/03\/FB_IMG_1679341084727-768x1027.jpg 768w, https:\/\/liceumlaszczow.eu\/wp-content\/uploads\/2026\/03\/FB_IMG_1679341084727.jpg 1080w\" sizes=\"(max-width: 224px) 100vw, 224px\" \/><\/a>\n\t\t\t<\/div>\n\t\t\t\t<figcaption class='wp-caption-text gallery-caption' id='gallery-3-2791'>\n\t\t\t\tOperacja Czysta Rzeka 2022\n\t\t\t\t<\/figcaption><\/figure><figure class='gallery-item'>\n\t\t\t<div class='gallery-icon portrait'>\n\t\t\t\t<a href='https:\/\/liceumlaszczow.eu\/index.php\/2021-2022\/fb_img_1679341096655\/'><img loading=\"lazy\" decoding=\"async\" width=\"224\" height=\"300\" src=\"https:\/\/liceumlaszczow.eu\/wp-content\/uploads\/2026\/03\/FB_IMG_1679341096655-224x300.jpg\" class=\"attachment-medium size-medium\" alt=\"\" aria-describedby=\"gallery-3-2792\" srcset=\"https:\/\/liceumlaszczow.eu\/wp-content\/uploads\/2026\/03\/FB_IMG_1679341096655-224x300.jpg 224w, https:\/\/liceumlaszczow.eu\/wp-content\/uploads\/2026\/03\/FB_IMG_1679341096655-766x1024.jpg 766w, https:\/\/liceumlaszczow.eu\/wp-content\/uploads\/2026\/03\/FB_IMG_1679341096655-768x1027.jpg 768w, https:\/\/liceumlaszczow.eu\/wp-content\/uploads\/2026\/03\/FB_IMG_1679341096655.jpg 1080w\" sizes=\"(max-width: 224px) 100vw, 224px\" \/><\/a>\n\t\t\t<\/div>\n\t\t\t\t<figcaption class='wp-caption-text gallery-caption' id='gallery-3-2792'>\n\t\t\t\tOperacja Czysta Rzeka 2022\n\t\t\t\t<\/figcaption><\/figure><figure class='gallery-item'>\n\t\t\t<div class='gallery-icon landscape'>\n\t\t\t\t<a href='https:\/\/liceumlaszczow.eu\/index.php\/2021-2022\/fb_img_1679341160033\/'><img loading=\"lazy\" decoding=\"async\" width=\"300\" height=\"169\" src=\"https:\/\/liceumlaszczow.eu\/wp-content\/uploads\/2026\/03\/FB_IMG_1679341160033-300x169.jpg\" class=\"attachment-medium size-medium\" alt=\"Operacja Czysta Rzeka 2022\" aria-describedby=\"gallery-3-2793\" srcset=\"https:\/\/liceumlaszczow.eu\/wp-content\/uploads\/2026\/03\/FB_IMG_1679341160033-300x169.jpg 300w, https:\/\/liceumlaszczow.eu\/wp-content\/uploads\/2026\/03\/FB_IMG_1679341160033-1024x576.jpg 1024w, https:\/\/liceumlaszczow.eu\/wp-content\/uploads\/2026\/03\/FB_IMG_1679341160033-768x432.jpg 768w, https:\/\/liceumlaszczow.eu\/wp-content\/uploads\/2026\/03\/FB_IMG_1679341160033.jpg 1080w\" sizes=\"(max-width: 300px) 100vw, 300px\" \/><\/a>\n\t\t\t<\/div>\n\t\t\t\t<figcaption class='wp-caption-text gallery-caption' id='gallery-3-2793'>\n\t\t\t\tOperacja Czysta Rzeka 2022\n\t\t\t\t<\/figcaption><\/figure>\n\t\t<\/div>\n<\/p><p><b>\u00a0<\/b><\/p>\t\t\t\t\t\t\t\t<\/div>\n\t\t\t\t<\/div>\n\t\t\t\t<div class=\"elementor-element elementor-element-2625cec elementor-widget elementor-widget-text-editor\" data-id=\"2625cec\" data-element_type=\"widget\" data-e-type=\"widget\" data-widget_type=\"text-editor.default\">\n\t\t\t\t<div class=\"elementor-widget-container\">\n\t\t\t\t\t\t\t\t\t<p><b style=\"font-style: inherit;\">\u00a0<\/b><\/p><p><b style=\"font-style: inherit;\">kwiecie\u0144 2022<\/b><\/p><p><b>XXXVII Olimpiada Wiedzy Ekologicznej\u00a0 w Lublinie-etap okr\u0119gowy.<\/b><\/p><p><span style=\"font-weight: 400;\">Ucze\u0144 <\/span><b>klasy III Karol Marczak<\/b><span style=\"font-weight: 400;\"> zosta\u0142 laureatem Olimpiady,etapu okr\u0119gowego uzyskuj\u0105c drugie miejsce.<\/span><\/p><p><div id='gallery-4' class='gallery galleryid-2778 gallery-columns-3 gallery-size-thumbnail'><figure class='gallery-item'>\n\t\t\t<div class='gallery-icon landscape'>\n\t\t\t\t<a href='https:\/\/liceumlaszczow.eu\/index.php\/2021-2022\/fb_img_1679341336750\/'><img loading=\"lazy\" decoding=\"async\" width=\"150\" height=\"150\" src=\"https:\/\/liceumlaszczow.eu\/wp-content\/uploads\/2026\/03\/FB_IMG_1679341336750-150x150.jpg\" class=\"attachment-thumbnail size-thumbnail\" alt=\"\" \/><\/a>\n\t\t\t<\/div><\/figure><figure class='gallery-item'>\n\t\t\t<div class='gallery-icon landscape'>\n\t\t\t\t<a href='https:\/\/liceumlaszczow.eu\/index.php\/2021-2022\/fb_img_1679341348024\/'><img loading=\"lazy\" decoding=\"async\" width=\"150\" height=\"150\" src=\"https:\/\/liceumlaszczow.eu\/wp-content\/uploads\/2026\/03\/FB_IMG_1679341348024-150x150.jpg\" class=\"attachment-thumbnail size-thumbnail\" alt=\"XXXVII Olimpiada Wiedzy Ekologicznej\" aria-describedby=\"gallery-4-2784\" \/><\/a>\n\t\t\t<\/div>\n\t\t\t\t<figcaption class='wp-caption-text gallery-caption' id='gallery-4-2784'>\n\t\t\t\tXXXVII Olimpiada Wiedzy Ekologicznej\n\t\t\t\t<\/figcaption><\/figure>\n\t\t<\/div>\n<\/p><p><span style=\"font-weight: 400;\">\u00a0<\/span><\/p>\t\t\t\t\t\t\t\t<\/div>\n\t\t\t\t<\/div>\n\t\t\t\t<div class=\"elementor-element elementor-element-dae789d elementor-button-info elementor-widget elementor-widget-button\" data-id=\"dae789d\" data-element_type=\"widget\" data-e-type=\"widget\" data-widget_type=\"button.default\">\n\t\t\t\t<div class=\"elementor-widget-container\">\n\t\t\t\t\t\t\t\t\t<div class=\"elementor-button-wrapper\">\n\t\t\t\t\t<a class=\"elementor-button elementor-button-link elementor-size-sm\" href=\"https:\/\/parki.lubelskie.pl\/aktualnosci\/okregowy-etap-xxxvii-olimpiady-wiedzy-ekologicznej-za-nami\">\n\t\t\t\t\t\t<span class=\"elementor-button-content-wrapper\">\n\t\t\t\t\t\t\t\t\t<span class=\"elementor-button-text\">Relacja z fina\u0142u<\/span>\n\t\t\t\t\t<\/span>\n\t\t\t\t\t<\/a>\n\t\t\t\t<\/div>\n\t\t\t\t\t\t\t\t<\/div>\n\t\t\t\t<\/div>\n\t\t\t\t<div class=\"elementor-element elementor-element-9b908c0 elementor-button-info elementor-widget elementor-widget-button\" data-id=\"9b908c0\" data-element_type=\"widget\" data-e-type=\"widget\" data-widget_type=\"button.default\">\n\t\t\t\t<div class=\"elementor-widget-container\">\n\t\t\t\t\t\t\t\t\t<div class=\"elementor-button-wrapper\">\n\t\t\t\t\t<a class=\"elementor-button elementor-button-link elementor-size-sm\" href=\"https:\/\/radio.lublin.pl\/2023\/04\/poznalismy-zwyciezcow-okregowego-etapu-olimpiady-wiedzy-ekologicznej\/\">\n\t\t\t\t\t\t<span class=\"elementor-button-content-wrapper\">\n\t\t\t\t\t\t\t\t\t<span class=\"elementor-button-text\">Radio Lublin<\/span>\n\t\t\t\t\t<\/span>\n\t\t\t\t\t<\/a>\n\t\t\t\t<\/div>\n\t\t\t\t\t\t\t\t<\/div>\n\t\t\t\t<\/div>\n\t\t\t\t\t<\/div>\n\t\t<\/div>\n\t\t\t\t\t<\/div>\n\t\t<\/section>\n\t\t\t\t<\/div>\n\t\t","protected":false},"excerpt":{"rendered":"<p>\u00a0 \u00a0 czerwiec 2022 XXXVII Olimpiada Wiedzy Ekologicznej w Warszawie-etap centralny. \u00a0 Wydziale Le\u015bnym Szko\u0142y G\u0142\u00f3wnej Gospodarstwa Wiejskiego odby\u0142 si\u0119 etap centralny olimpiady. Nasz\u0105 szko\u0142\u0119 na olimpiadzie (etap centralny) reprezentowa\u0142 ucze\u0144 klasy III Karol Marczak,uzyskuj\u0105c tytu\u0142 finalisty(10 miejsce w Polsce). Relacja z fina\u0142u \u00a0 maj 2022 Warsztaty terenowe z le\u015bnikiema terenie Nadle\u015bnictwa Tomasz\u00f3w Lubelski. \u00a0 &hellip;<\/p>\n<p class=\"read-more\"> <a class=\"\" href=\"https:\/\/liceumlaszczow.eu\/index.php\/2021-2022\/\"> <span class=\"screen-reader-text\">Rok szkolny 2021-2022<\/span> Read More &raquo;<\/a><\/p>\n","protected":false},"author":2,"featured_media":0,"parent":0,"menu_order":0,"comment_status":"closed","ping_status":"closed","template":"","meta":{"site-sidebar-layout":"no-sidebar","site-content-layout":"page-builder","ast-main-header-display":"","ast-hfb-above-header-display":"","ast-hfb-below-header-display":"","ast-hfb-mobile-header-display":"","site-post-title":"disabled","ast-breadcrumbs-content":"","ast-featured-img":"disabled","footer-sml-layout":"","theme-transparent-header-meta":"","adv-header-id-meta":"","stick-header-meta":"","header-above-stick-meta":"","header-main-stick-meta":"","header-below-stick-meta":"","footnotes":""},"class_list":["post-2778","page","type-page","status-publish","hentry"],"_links":{"self":[{"href":"https:\/\/liceumlaszczow.eu\/index.php\/wp-json\/wp\/v2\/pages\/2778","targetHints":{"allow":["GET"]}}],"collection":[{"href":"https:\/\/liceumlaszczow.eu\/index.php\/wp-json\/wp\/v2\/pages"}],"about":[{"href":"https:\/\/liceumlaszczow.eu\/index.php\/wp-json\/wp\/v2\/types\/page"}],"author":[{"embeddable":true,"href":"https:\/\/liceumlaszczow.eu\/index.php\/wp-json\/wp\/v2\/users\/2"}],"replies":[{"embeddable":true,"href":"https:\/\/liceumlaszczow.eu\/index.php\/wp-json\/wp\/v2\/comments?post=2778"}],"version-history":[{"count":17,"href":"https:\/\/liceumlaszczow.eu\/index.php\/wp-json\/wp\/v2\/pages\/2778\/revisions"}],"predecessor-version":[{"id":3091,"href":"https:\/\/liceumlaszczow.eu\/index.php\/wp-json\/wp\/v2\/pages\/2778\/revisions\/3091"}],"wp:attachment":[{"href":"https:\/\/liceumlaszczow.eu\/index.php\/wp-json\/wp\/v2\/media?parent=2778"}],"curies":[{"name":"wp","href":"https:\/\/api.w.org\/{rel}","templated":true}]}}