{"id":39,"date":"2021-03-16T22:15:38","date_gmt":"2021-03-16T21:15:38","guid":{"rendered":"http:\/\/liceumlaszczow.eu\/?page_id=39"},"modified":"2022-01-24T09:34:50","modified_gmt":"2022-01-24T08:34:50","slug":"nasi-absolwenci","status":"publish","type":"page","link":"https:\/\/liceumlaszczow.eu\/index.php\/nasi-absolwenci\/","title":{"rendered":"Nasi absolwenci"},"content":{"rendered":"\t\t<div data-elementor-type=\"wp-page\" data-elementor-id=\"39\" class=\"elementor elementor-39\">\n\t\t\t\t\t\t<header class=\"elementor-section elementor-top-section elementor-element elementor-element-72bdd7c elementor-section-height-min-height elementor-section-items-bottom elementor-section-boxed elementor-section-height-default\" data-id=\"72bdd7c\" data-element_type=\"section\" data-e-type=\"section\" data-settings=\"{&quot;background_background&quot;:&quot;classic&quot;}\">\n\t\t\t\t\t\t\t<div class=\"elementor-background-overlay\"><\/div>\n\t\t\t\t\t\t\t<div class=\"elementor-container elementor-column-gap-wider\">\n\t\t\t\t\t<div class=\"elementor-column elementor-col-50 elementor-top-column elementor-element elementor-element-26daa55a\" data-id=\"26daa55a\" data-element_type=\"column\" data-e-type=\"column\">\n\t\t\t<div class=\"elementor-widget-wrap elementor-element-populated\">\n\t\t\t\t\t\t<div class=\"elementor-element elementor-element-1cfabe8d elementor-widget elementor-widget-heading\" data-id=\"1cfabe8d\" data-element_type=\"widget\" data-e-type=\"widget\" data-widget_type=\"heading.default\">\n\t\t\t\t<div class=\"elementor-widget-container\">\n\t\t\t\t\t<h1 class=\"elementor-heading-title elementor-size-default\">Nasi absolwenci<\/h1>\t\t\t\t<\/div>\n\t\t\t\t<\/div>\n\t\t\t\t<div class=\"elementor-element elementor-element-4755e94e elementor-widget elementor-widget-heading\" data-id=\"4755e94e\" data-element_type=\"widget\" data-e-type=\"widget\" data-widget_type=\"heading.default\">\n\t\t\t\t<div class=\"elementor-widget-container\">\n\t\t\t\t\t<h3 class=\"elementor-heading-title elementor-size-default\">lata nauki<\/h3>\t\t\t\t<\/div>\n\t\t\t\t<\/div>\n\t\t\t\t\t<\/div>\n\t\t<\/div>\n\t\t\t\t<div class=\"elementor-column elementor-col-50 elementor-top-column elementor-element elementor-element-1491eb77 elementor-invisible\" data-id=\"1491eb77\" data-element_type=\"column\" data-e-type=\"column\" data-settings=\"{&quot;background_background&quot;:&quot;classic&quot;,&quot;animation&quot;:&quot;fadeIn&quot;}\">\n\t\t\t<div class=\"elementor-widget-wrap\">\n\t\t\t\t\t\t\t<\/div>\n\t\t<\/div>\n\t\t\t\t\t<\/div>\n\t\t<\/header>\n\t\t\t\t<section class=\"elementor-section elementor-top-section elementor-element elementor-element-7083ff2b elementor-section-boxed elementor-section-height-default elementor-section-height-default\" data-id=\"7083ff2b\" data-element_type=\"section\" data-e-type=\"section\" data-settings=\"{&quot;background_background&quot;:&quot;classic&quot;}\">\n\t\t\t\t\t\t<div class=\"elementor-container elementor-column-gap-default\">\n\t\t\t\t\t<div class=\"elementor-column elementor-col-16 elementor-top-column elementor-element elementor-element-54087551\" data-id=\"54087551\" data-element_type=\"column\" data-e-type=\"column\">\n\t\t\t<div class=\"elementor-widget-wrap\">\n\t\t\t\t\t\t\t<\/div>\n\t\t<\/div>\n\t\t\t\t<div class=\"elementor-column elementor-col-66 elementor-top-column elementor-element elementor-element-31d27150\" data-id=\"31d27150\" data-element_type=\"column\" data-e-type=\"column\">\n\t\t\t<div class=\"elementor-widget-wrap elementor-element-populated\">\n\t\t\t\t\t\t<div class=\"elementor-element elementor-element-12deedb4 animated-slow elementor-invisible elementor-widget elementor-widget-heading\" data-id=\"12deedb4\" data-element_type=\"widget\" data-e-type=\"widget\" data-settings=\"{&quot;_animation&quot;:&quot;fadeIn&quot;}\" data-widget_type=\"heading.default\">\n\t\t\t\t<div class=\"elementor-widget-container\">\n\t\t\t\t\t<h1 class=\"elementor-heading-title elementor-size-default\">Absolwenci<\/h1>\t\t\t\t<\/div>\n\t\t\t\t<\/div>\n\t\t\t\t<div class=\"elementor-element elementor-element-24129506 elementor-invisible elementor-widget elementor-widget-text-editor\" data-id=\"24129506\" data-element_type=\"widget\" data-e-type=\"widget\" data-settings=\"{&quot;_animation&quot;:&quot;fadeIn&quot;}\" data-widget_type=\"text-editor.default\">\n\t\t\t\t<div class=\"elementor-widget-container\">\n\t\t\t\t\t\t\t\t\t<h3 style=\"margin-top: 12px; margin-bottom: 12px; font-family: Verdana; line-height: 20px; color: #868484; text-rendering: optimizelegibility; font-size: 18px; font-style: normal;\"><strong>Liceum og\u00f3lnokszta\u0142c\u0105ce<\/strong><\/h3>\t\t\t\t\t\t\t\t<\/div>\n\t\t\t\t<\/div>\n\t\t\t\t<div class=\"elementor-element elementor-element-567c4bac elementor-widget elementor-widget-accordion\" data-id=\"567c4bac\" data-element_type=\"widget\" data-e-type=\"widget\" data-widget_type=\"accordion.default\">\n\t\t\t\t<div class=\"elementor-widget-container\">\n\t\t\t\t\t\t\t<div class=\"elementor-accordion\">\n\t\t\t\t\t\t\t<div class=\"elementor-accordion-item\">\n\t\t\t\t\t<div id=\"elementor-tab-title-1451\" class=\"elementor-tab-title\" data-tab=\"1\" role=\"button\" aria-controls=\"elementor-tab-content-1451\" aria-expanded=\"false\">\n\t\t\t\t\t\t\t\t\t\t\t\t\t<span class=\"elementor-accordion-icon elementor-accordion-icon-right\" aria-hidden=\"true\">\n\t\t\t\t\t\t\t\t\t\t\t\t\t\t\t<span class=\"elementor-accordion-icon-closed\"><i class=\"fas fa-plus\"><\/i><\/span>\n\t\t\t\t\t\t\t\t<span class=\"elementor-accordion-icon-opened\"><i class=\"fas fa-minus\"><\/i><\/span>\n\t\t\t\t\t\t\t\t\t\t\t\t\t\t<\/span>\n\t\t\t\t\t\t\t\t\t\t\t\t<a class=\"elementor-accordion-title\" tabindex=\"0\">Lata nauki 1998 - 2002<\/a>\n\t\t\t\t\t<\/div>\n\t\t\t\t\t<div id=\"elementor-tab-content-1451\" class=\"elementor-tab-content elementor-clearfix\" data-tab=\"1\" role=\"region\" aria-labelledby=\"elementor-tab-title-1451\"><h3><strong>wych. mgr Antoni Borkowski<\/strong><\/h3><p>1. Bednarz Agnieszka<br \/>2. Dublowska Ewelina<br \/>3. Duras Jadwiga<br \/>4. Dymytryczyn Angelika<br \/>5. Dzik Justyna<br \/>6. Franasz Sylwia<br \/>7. Furman Anna<br \/>8. Ga\u0142czy\u0144ska Iwona<br \/>9. Gancarz Ma\u0142gorzata<br \/>10. Harbuz Ma\u0142gorzata<br \/>11. Kalita Ewelina<br \/>12. Kancir Ewa<br \/>13. Kancir Monika<br \/>14. Koper Iwona<br \/>15. Kusiak Janina<br \/>16. Kwiecie\u0144 El\u017cbieta<br \/>17. \u0141yczko Joanna<br \/>18. Majewska Anna<br \/>19. Martyniak Angelika<br \/>20. Muzyczka Agnieszka<br \/>21. Nowosad Ewelina<br \/>22. Seroczy\u0144ska Magda<br \/>23. Soba\u0144ska Beata<br \/>24. Torula Anita<br \/>25. Warenica Katarzyna<br \/>26. Wojciechowska Magdalena<br \/>27. Zub Ewelina<br \/>28. Bara\u0144ski Daniel<br \/>29. Bednarz Adrian<br \/>30. Borkowski Pawe\u0142<br \/>31. Ky\u0107 Pawe\u0142<br \/>32. Pasierb Pawe\u0142<br \/>33. Pi\u0105tkowski Kamil<br \/>34. Sagan Piotr<br \/>35. Se\u0144 Wojciech<br \/>36. Swatowski Marek<br \/>37. \u015acirka Bart\u0142omiej<br \/>38. Sz\u0142oda Jaros\u0142aw<br \/>39. Wielosz Damian<br \/>40. Wronka Jacek<br \/>41. W\u00f3jtowicz Piotr<\/p><\/div>\n\t\t\t\t<\/div>\n\t\t\t\t\t\t\t<div class=\"elementor-accordion-item\">\n\t\t\t\t\t<div id=\"elementor-tab-title-1452\" class=\"elementor-tab-title\" data-tab=\"2\" role=\"button\" aria-controls=\"elementor-tab-content-1452\" aria-expanded=\"false\">\n\t\t\t\t\t\t\t\t\t\t\t\t\t<span class=\"elementor-accordion-icon elementor-accordion-icon-right\" aria-hidden=\"true\">\n\t\t\t\t\t\t\t\t\t\t\t\t\t\t\t<span class=\"elementor-accordion-icon-closed\"><i class=\"fas fa-plus\"><\/i><\/span>\n\t\t\t\t\t\t\t\t<span class=\"elementor-accordion-icon-opened\"><i class=\"fas fa-minus\"><\/i><\/span>\n\t\t\t\t\t\t\t\t\t\t\t\t\t\t<\/span>\n\t\t\t\t\t\t\t\t\t\t\t\t<a class=\"elementor-accordion-title\" tabindex=\"0\">Lata nauki 1999 - 2003<\/a>\n\t\t\t\t\t<\/div>\n\t\t\t\t\t<div id=\"elementor-tab-content-1452\" class=\"elementor-tab-content elementor-clearfix\" data-tab=\"2\" role=\"region\" aria-labelledby=\"elementor-tab-title-1452\"><h3>wych. mgr Barbara Kutek<\/h3><h3><strong>KLASA IV a<\/strong><\/h3><p>1. Bez\u0142ada Agata<br \/>2. Borek Kamil<br \/>3. Buczak Justyna<br \/>4. Cisek Ewelina<br \/>5. Ga\u0142ka Agnieszka<br \/>6. G\u00f3ra Agnieszka<br \/>7. Grad Tomasz<br \/>8. Mazur Monika<br \/>9. Jankowska Joanna<br \/>10. Karbowniczek Aneta<br \/>11. K\u0142y\u017c Kamil<br \/>12. Krawczyk Katarzyna<br \/>13. Krotkie Katarzyna<br \/>14. \u0141ukasik Marlena<br \/>15. Maciejko Magdalena<br \/>16. Mroczkowski Rafa\u0142<br \/>17. Nosek Ewelina<br \/>18. Nowosad Sylwia<br \/>19. Ogryzko Marta<br \/>20. Ostrowska Anna<br \/>21. Rak R\u00f3\u017ca<br \/>22. Rawska Wioletta<br \/>23. Skowyra Agnieszka<br \/>24. Sochan \u0141ukasz<br \/>25. Swatowska Edyta<br \/>26. Turzyniecki Piotr<br \/>27. Walczykiewicz Justyna<br \/>28. Wi\u015bniewski Maciej<br \/>29. Woch Kamil 30. Wojciechowska Marzena<br \/><br \/><\/p><h3>wych. mgr Iwona R\u0119bisz<\/h3><h3><strong>Klasa\u00a0IV b<\/strong><\/h3><p>1. Bartecka Katarzyna<br \/>2. Dublowska Marta<br \/>3. Dzika Karolina<br \/>4. Gala Przemys\u0142aw<br \/>5. G\u0142uszek Anna<br \/>6. Grabowska Magdalena<br \/>7. Jakubczak Aneta<br \/>8. Jakubiak Sylwia<br \/>9. J\u0119druszczak Damian<br \/>10. Kich\u00a0 Magdalena<br \/>11. Knap Malgorzata<br \/>12. Kosiba Maria<br \/>13. Kot Aneta<br \/>14. Koza Magdalena<br \/>15. Kra\u015b Edyta<br \/>16. Ku\u0142acz Alicja<br \/>17. Kuzdra Anna<br \/>18. Maluta Diana<br \/>19. Miku\u0142a Pawe\u0142<br \/>20. Miszczyszyn Kamil<br \/>21. Pi\u0119tak Katarzyna<br \/>22. Rzepka Anita<br \/>23. Smol\u0105g Krzysztof<br \/>24. Sobu\u015b Marcin<br \/>25. Szymoniak Monika<br \/>26. Wronka Damian<br \/>27. Wronka Ewelina 28. \u017bukowski Piotr<\/p><\/div>\n\t\t\t\t<\/div>\n\t\t\t\t\t\t\t<div class=\"elementor-accordion-item\">\n\t\t\t\t\t<div id=\"elementor-tab-title-1453\" class=\"elementor-tab-title\" data-tab=\"3\" role=\"button\" aria-controls=\"elementor-tab-content-1453\" aria-expanded=\"false\">\n\t\t\t\t\t\t\t\t\t\t\t\t\t<span class=\"elementor-accordion-icon elementor-accordion-icon-right\" aria-hidden=\"true\">\n\t\t\t\t\t\t\t\t\t\t\t\t\t\t\t<span class=\"elementor-accordion-icon-closed\"><i class=\"fas fa-plus\"><\/i><\/span>\n\t\t\t\t\t\t\t\t<span class=\"elementor-accordion-icon-opened\"><i class=\"fas fa-minus\"><\/i><\/span>\n\t\t\t\t\t\t\t\t\t\t\t\t\t\t<\/span>\n\t\t\t\t\t\t\t\t\t\t\t\t<a class=\"elementor-accordion-title\" tabindex=\"0\">Lata nauki 2000 - 2004<\/a>\n\t\t\t\t\t<\/div>\n\t\t\t\t\t<div id=\"elementor-tab-content-1453\" class=\"elementor-tab-content elementor-clearfix\" data-tab=\"3\" role=\"region\" aria-labelledby=\"elementor-tab-title-1453\"><h3>wych. mgr Aleksandra Jamro\u017c<\/h3><h3>Klasa\u00a0IV a<\/h3><p>1. B\u0105k \u0141ukasz<br \/>2. By\u015b Magdalena<br \/>3. Dajczak Joanna<br \/>4. Dmitroca Ewa<br \/>5. Dydiak Tomasz<br \/>6. Dyjak Ma\u0142gorzata<br \/>7. D\u017awierzy\u0144ska Joanna<br \/>8. Iwu\u0142a Artur<br \/>9. Ja\u015bk\u00f3w Tomasz<br \/>10. Kara\u015b Ewelina<br \/>11. Knap Magdalena<br \/>12. Klimowicz Magdalena<br \/>13. Kowalska Monika<br \/>14. Ku\u017aniarski \u0141ukasz<br \/>15. \u0141ysakowski Wojciech<br \/>16. Ma\u0142ys Marek<br \/>17. Marczak Marek<br \/>18. Matwiejczuk Kamil<br \/>19. Pilichowski Rafa\u0142<br \/>20. Se\u0144 Ewelina<br \/>21. Sochan Sylwia<br \/>22. Szopi\u0144ska Barbara<br \/>23. Szura Magdalena<br \/>24. Swatowska Ewa<br \/>25. Tucki Pawe\u0142<br \/>26. Urban Teresa<br \/>27. W\u00f3jcicka Anna<br \/>28. W\u00f3jcik Ewa<br \/>29. Zienkiewicz Agata<br \/><br \/><\/p><h3>wych. mgr Ryszard Daczyszyn<\/h3><h3>Klasa IV b<\/h3><p>1. Bajwoluk Ireneusz<br \/>2. Bez\u0142ada Anna<br \/>3. Budzy\u0144ska Joanna<br \/>4. Czujkowska Katarzyna<br \/>5. Dzida Iwona<br \/>6. Gwo\u017adziewska Iwona<br \/>7. Kopiec Klaudia<br \/>8. Kopiec Tomasz<br \/>9. Kosiba Barbara<br \/>10. Ko\u015bciuk Anna<br \/>11. Kusiak Sylwia<br \/>12. Kwiecie\u0144 Aneta<br \/>13. Ky\u0107 Micha\u0142<br \/>14. \u0141asocha Agnieszka<br \/>15. \u0141ukasik Ma\u0142gorzata<br \/>16. \u0141ysiak Mariusz<br \/>17. Majewska (\u0141ukasik) Agnieszka<br \/>18. Mazurek Marta<br \/>19. Miszczyszyn Diana<br \/>20. Niedu\u017cak Marcin<br \/>21. Nowak Anna<br \/>22. Podg\u00f3rski Pawe\u0142<br \/>23. Pszeniczka Daniel<br \/>24. Se\u0144 Ilona<br \/>25. Szewczuk Joanna<br \/>26. Tomczuk Pawe\u0142<br \/>27. Torba Krzysztof<br \/>28. Torba Rafa\u0142<br \/>29. U\u015bciak Bart\u0142omiej<br \/>30. Wi\u015bniewska Agnieszka<br \/>31. Wysocka Agnieszka<\/p><\/div>\n\t\t\t\t<\/div>\n\t\t\t\t\t\t\t<div class=\"elementor-accordion-item\">\n\t\t\t\t\t<div id=\"elementor-tab-title-1454\" class=\"elementor-tab-title\" data-tab=\"4\" role=\"button\" aria-controls=\"elementor-tab-content-1454\" aria-expanded=\"false\">\n\t\t\t\t\t\t\t\t\t\t\t\t\t<span class=\"elementor-accordion-icon elementor-accordion-icon-right\" aria-hidden=\"true\">\n\t\t\t\t\t\t\t\t\t\t\t\t\t\t\t<span class=\"elementor-accordion-icon-closed\"><i class=\"fas fa-plus\"><\/i><\/span>\n\t\t\t\t\t\t\t\t<span class=\"elementor-accordion-icon-opened\"><i class=\"fas fa-minus\"><\/i><\/span>\n\t\t\t\t\t\t\t\t\t\t\t\t\t\t<\/span>\n\t\t\t\t\t\t\t\t\t\t\t\t<a class=\"elementor-accordion-title\" tabindex=\"0\">Lata nauki 2002 - 2005<\/a>\n\t\t\t\t\t<\/div>\n\t\t\t\t\t<div id=\"elementor-tab-content-1454\" class=\"elementor-tab-content elementor-clearfix\" data-tab=\"4\" role=\"region\" aria-labelledby=\"elementor-tab-title-1454\"><h3>wych. mgr Artur Bednarski<\/h3><h3>Klasa III LO<\/h3><p>1. Adamczewska Monika<br \/>2. Baj Katarzyna<br \/>3. Bartosz Sylwia<br \/>4. Cyrek Marta<br \/>5. Denys Edyta<br \/>6. Gala Magdalena<br \/>7. Kawka Marcin<br \/>8. Ksi\u0105\u017cek Justyna<br \/>9. Kuma Konrad<br \/>10. Kuzdra Magdalena<br \/>11. Lizak Szymon<br \/>12. Marczak Mateusz<br \/>13. Matejewska Katarzyna<br \/>14. Mazur Angelika<br \/>15. Mozol Andrzej<br \/>16. Mura\u0144ski \u0141ukasz<br \/>17. Organista Marta<br \/>18. Pacho\u0142ek Leszek<br \/>19. Palak Marcin<br \/>20. Paku\u0142a Daniel<br \/>21. Palichleb Agnieszka<br \/>22. Piasecka Katarzyna<br \/>23. Se\u0144 Grzegorz<br \/>24. Se\u0144 Justyna<br \/>25. S\u0142awi\u0144ski Zbigniew<br \/>26. Suski Przemys\u0142aw<br \/>27. Szewczuk S\u0142awomir<br \/>28. Tryndu\u015b Ewa<br \/>29. Wilk Mariusz<br \/><br \/><\/p><h3>wych. dr Marek Bielecki<\/h3><h3>Klasa III LP<\/h3><p>1. Bardega Ma\u0142gorzata<br \/>2. By\u015b Diana<br \/>3. Cio\u0142ko Sylwia<br \/>4. Denys Grzegorz<br \/>5. Dublowska Aleksandra<br \/>6. Grzeszczuk Karolina<br \/>7. Hucz Ewelina<br \/>8. Kicak Justyna<br \/>9. Kopiec Adam<br \/>10. Ko\u015bciuk Ewelina<br \/>11. Lepionka Arkadiusz<br \/>12. Litkowiec Jacek<br \/>13. Motyl \u0141ukasz<br \/>14. Mroczkowska Agata<br \/>15. Musiej Katarzyna<br \/>16. Nowosad Katarzyna<br \/>17. Ostapiuk \u0141ukasz<br \/>18. Parnicka Sylwia<br \/>19. Piaseczki \u0141ukasz<br \/>20. Piech Justyna<br \/>21. Pw\u0119ska Daniel<br \/>22. Roma\u0144czuk Anna<br \/>23. Romaniuk Monika<br \/>24. \u015acirka Barbara<br \/>25. Sztajdel Grzegorz<br \/>26. Warmi\u0144ska Joanna<br \/>27. Wi\u015bniewska Anita<br \/>28. Wojciechowska Joanna<\/p><\/div>\n\t\t\t\t<\/div>\n\t\t\t\t\t\t\t<div class=\"elementor-accordion-item\">\n\t\t\t\t\t<div id=\"elementor-tab-title-1455\" class=\"elementor-tab-title\" data-tab=\"5\" role=\"button\" aria-controls=\"elementor-tab-content-1455\" aria-expanded=\"false\">\n\t\t\t\t\t\t\t\t\t\t\t\t\t<span class=\"elementor-accordion-icon elementor-accordion-icon-right\" aria-hidden=\"true\">\n\t\t\t\t\t\t\t\t\t\t\t\t\t\t\t<span class=\"elementor-accordion-icon-closed\"><i class=\"fas fa-plus\"><\/i><\/span>\n\t\t\t\t\t\t\t\t<span class=\"elementor-accordion-icon-opened\"><i class=\"fas fa-minus\"><\/i><\/span>\n\t\t\t\t\t\t\t\t\t\t\t\t\t\t<\/span>\n\t\t\t\t\t\t\t\t\t\t\t\t<a class=\"elementor-accordion-title\" tabindex=\"0\">Lata nauki 2003 - 2006<\/a>\n\t\t\t\t\t<\/div>\n\t\t\t\t\t<div id=\"elementor-tab-content-1455\" class=\"elementor-tab-content elementor-clearfix\" data-tab=\"5\" role=\"region\" aria-labelledby=\"elementor-tab-title-1455\"><h3>wych. mgr Antoni Borkowski<\/h3><h3>Klasa III LO<\/h3><p>1. Blicharz Konrad<br \/>2. By\u015b S\u0142awomir<br \/>3. Czop Daniel<br \/>4. Ha\u0142ka Minika<br \/>5. Iwicki \u0141ukasz<br \/>6. Kawa\u0142ko Joanna<br \/>7. Kopiec Weronika<br \/>8. Kra\u015b Ma\u0142gorzata<br \/>9. Krawczyk Urszula<br \/>10. Ku\u015bmirek Mateusz<br \/>11. Michalczyszn Marcin<br \/>12. Milichiewicz Krzysztof<br \/>13. Miszczyszyn Marcin<br \/>14. Nagaj Wioletta<br \/>15. Nied\u017awied\u017a Miros\u0142aw<br \/>16. Opak Katarzyna<br \/>17. Paduch \u0141ukasz<br \/>18. Palak Tomasz<br \/>19. Piasecka Ewelina<br \/>20. Pi\u0119kna Eliza<br \/>21. Pisarczyk Dorota<br \/>22. Roma\u0144czuk Ewelina<br \/>23. Se\u0144 Dorota<br \/>24. Sobczuk Marek ( zmar\u0142 4.01.2006 )<br \/>25. Stelmaszczuk Marlena<br \/>26. Sz\u0142oda Aldona<br \/>27. Szwiec Daniel<br \/>28. Tarcz Diana<br \/>29. W\u0105sacz Agnieszka<br \/>30. Wiciejewska Ewelina<br \/>31. Winiarczuk Anna<br \/><br \/><\/p><h3>wych. mgr Iwona R\u0119bisz<\/h3><h3>Klasa III LP<\/h3><p>1. Bartosz Tomasz<br \/>2. Bajda Wioletta<br \/>3. Bobla Aneta<br \/>4. Cio\u0142ko Marcin<br \/>5. Czajka Anna<br \/>6. Dudek Krzysztof<br \/>7. Dzia\u0142a Angelika<br \/>8. Dziura Mateusz<br \/>9. Gawlik Rados\u0142aw<br \/>10. Gmitrowicz Agata<br \/>11. Gmitrowicz Pawe\u0142<br \/>12. Hawryluk Daniel<br \/>13. Kopiec Ewa<br \/>14. Kot Agnieszka<br \/>15. Ky\u0107 Mateusz<br \/>16. \u0141agowski Arkadiusz<br \/>17. Majerska Diana<br \/>18. Ma\u0142ek Diana<br \/>19. Mroczkowski Robert<br \/>20. Pasieczny Wojciech<br \/>21. Pogudz Krzysztof<br \/>22. Pokrywka Ewelina<br \/>23. Pro\u0107 Joanna<br \/>24. Stawarska Joanna<br \/>25. Szeremeta Anna<br \/>26. \u015acirka \u0141ukasz<br \/>27. Wa\u017cocha Jacek<br \/>28. W\u00f3jcicki Pawe\u0142<\/p><\/div>\n\t\t\t\t<\/div>\n\t\t\t\t\t\t\t<div class=\"elementor-accordion-item\">\n\t\t\t\t\t<div id=\"elementor-tab-title-1456\" class=\"elementor-tab-title\" data-tab=\"6\" role=\"button\" aria-controls=\"elementor-tab-content-1456\" aria-expanded=\"false\">\n\t\t\t\t\t\t\t\t\t\t\t\t\t<span class=\"elementor-accordion-icon elementor-accordion-icon-right\" aria-hidden=\"true\">\n\t\t\t\t\t\t\t\t\t\t\t\t\t\t\t<span class=\"elementor-accordion-icon-closed\"><i class=\"fas fa-plus\"><\/i><\/span>\n\t\t\t\t\t\t\t\t<span class=\"elementor-accordion-icon-opened\"><i class=\"fas fa-minus\"><\/i><\/span>\n\t\t\t\t\t\t\t\t\t\t\t\t\t\t<\/span>\n\t\t\t\t\t\t\t\t\t\t\t\t<a class=\"elementor-accordion-title\" tabindex=\"0\">Lata nauki 2004 - 2007<\/a>\n\t\t\t\t\t<\/div>\n\t\t\t\t\t<div id=\"elementor-tab-content-1456\" class=\"elementor-tab-content elementor-clearfix\" data-tab=\"6\" role=\"region\" aria-labelledby=\"elementor-tab-title-1456\"><h3>wych. mgr Barbara Kutek<\/h3><h3>Klasa III LO<\/h3><p>1. Bataszow Karol<br \/>2. Dmitroca Katarzyna<br \/>3. Dr\u0105szcz Katarzyna<br \/>4. Ferenc Diana<br \/>5. Knap Andrzej<br \/>6. Ko\u0142odziej Agnieszka<br \/>7. Kopiec Krzysztof<br \/>8. Kowalska Magdalena<br \/>9. \u0141o\u015b Damian<br \/>10. \u0141ukasiewicz Piotr<br \/>11. Majewska Olga<br \/>12. Marczak Monika<br \/>13. Mielniczek Karol<br \/>14. Ogonowski Krzysztof<br \/>15. Organista Karolina<br \/>16. Paw\u0142owski Konrad<br \/>17. Piasecka Ma\u0142gorzata<br \/>18. Pieprzowska Ewelina<br \/>19. Pleszy\u0144ska Anna<br \/>20. Pos\u0142uszna Katarzyna<br \/>21. Raziuk Iwona<br \/>22. S\u0105siek Justyna<br \/>23. Stepach Magda<br \/>24. S\u00f3l Gabriela<br \/>25. Szaruga El\u017cbieta<br \/>26. Taborska Iwona<br \/>27. Turzyniecki Grzegorz<br \/>28. Tyska Ewelina<br \/>29. Urban Jolanta<br \/>30. Warmi\u0144ski Damian<br \/>31. Warmi\u0144ski Rafa\u0142<br \/>32. W\u0105siura Tomasz<br \/>33. Winiarczuk Sylwia<br \/>34. Wi\u015bniewski Krzysztof<br \/>35. Witkowska Natalia<br \/>36. Zab\u0142oci \u0141ukasz<br \/>37. Lis Mateusz<br \/><br \/><\/p><h3>wych. mgr in\u017c Aleksandra Jamro\u017c<\/h3><h3>Klasa III LP<\/h3><p>1. Bez\u0142ada Anna<br \/>2. Bosiak Piotr<br \/>3. Byra Marcin<br \/>4. Cyrek Joanna<br \/>5. Czajka Monika<br \/>6. Delong \u017baneta<br \/>7. Doma\u0144ska Ewelina<br \/>8. Gardzio\u0142a Katarzyna<br \/>9. Gaw\u0119da Mateusz<br \/>10. Karwan Katarzyna<br \/>11. Koguciuk Justyna<br \/>12. Kowalska Katarzyna<br \/>13. Koz\u0142owska Agnieszka<br \/>14. Ku\u0142acz Wioletta<br \/>15. Lewczuk Przemys\u0142aw<br \/>16. Maciejko Marcin<br \/>17. Malikowska Joanna<br \/>18. Marucha Marlena<br \/>19. Mierzwa Przemys\u0142aw<br \/>20. Portka Wojciech<br \/>21. Paw\u0142owska Joanna<br \/>22. Rawska Magda<br \/>23. Skorupa Magda<br \/>24. Szczygielska Martyna<br \/>25. Tyska Agnieszka<br \/>26. Wasyluk Magdalena<br \/>27. Wa\u017cna Paulina<br \/>28. Wilczak El\u017cbieta<\/p><\/div>\n\t\t\t\t<\/div>\n\t\t\t\t\t\t\t<div class=\"elementor-accordion-item\">\n\t\t\t\t\t<div id=\"elementor-tab-title-1457\" class=\"elementor-tab-title\" data-tab=\"7\" role=\"button\" aria-controls=\"elementor-tab-content-1457\" aria-expanded=\"false\">\n\t\t\t\t\t\t\t\t\t\t\t\t\t<span class=\"elementor-accordion-icon elementor-accordion-icon-right\" aria-hidden=\"true\">\n\t\t\t\t\t\t\t\t\t\t\t\t\t\t\t<span class=\"elementor-accordion-icon-closed\"><i class=\"fas fa-plus\"><\/i><\/span>\n\t\t\t\t\t\t\t\t<span class=\"elementor-accordion-icon-opened\"><i class=\"fas fa-minus\"><\/i><\/span>\n\t\t\t\t\t\t\t\t\t\t\t\t\t\t<\/span>\n\t\t\t\t\t\t\t\t\t\t\t\t<a class=\"elementor-accordion-title\" tabindex=\"0\">Lata nauki 2005 - 2008<\/a>\n\t\t\t\t\t<\/div>\n\t\t\t\t\t<div id=\"elementor-tab-content-1457\" class=\"elementor-tab-content elementor-clearfix\" data-tab=\"7\" role=\"region\" aria-labelledby=\"elementor-tab-title-1457\"><h3>wych. dr Marek Bielecki<\/h3><h3>Klasa III LP<\/h3><ol><li>Bude\u0144ko Katarzyna<\/li><li>Byra Przemys\u0142aw<\/li><li>G\u0119borys Kamil<\/li><li>Hawrylak Kamil<\/li><li>Holli Ewelina<\/li><li>Kude\u0142ko Martyna<\/li><li>Liga Justyna<\/li><li>Mierzwa Joanna<\/li><li>Miku\u0142a Marta<\/li><li>Monastyrska Dominika<\/li><li>Parol Justyna<\/li><li>Pisowicz Iwona<\/li><li>Roma\u0144czuk Weronika<\/li><li>Senderek R\u00f3\u017ca<\/li><li>Szeremeta Marek<\/li><li>Szpinda Aneta<\/li><li>Talabska Iwona<\/li><li>Trze\u015bniowski Marcin<\/li><li>Walczykiewicz Sylwia<\/li><li>Wiatrzyk Anna<\/li><li>Wronka Anna<\/li><li>Zarosa Mateusz<\/li><\/ol><h3>wych. mgr Artur Bednarski, mgr. Aneta Bielecka<\/h3><h3>Klasa III SG<strong><br \/><\/strong><\/h3><ol><li>Bednarska Emilia<\/li><li>Brodowska Natalia Katarzyna<\/li><li>Cis\u0142o Justyna<\/li><li>Czwaniuk Paulina Henryka<\/li><li>D\u0105browski Kamil<\/li><li>Ferenc Ewelina<\/li><li>Fil Pawe\u0142<\/li><li>Jakubiak Dawid<\/li><li>Jakubiak Sebastian<\/li><li>Jarentowski Hubert<\/li><li>Kawula Pawe\u0142<\/li><li>Knia\u017a Pawe\u0142 Kamil<\/li><li>Kowalski Bart\u0142omiej<\/li><li>Kuma Joanna<\/li><li>Kusiak Artur<\/li><li>\u0141agowski Mateusz Jan<\/li><li>Mac Pawe\u0142 Marcin<\/li><li>Noga Kamil<\/li><li>Nowosad Paulina<\/li><li>Pasieczna Justyna Marzena<\/li><li>Redka Marzena Maria<\/li><li>Roma\u0144czuk Justyna Marta<\/li><li>Rybczy\u0144ska Kinga<\/li><li>Skiba Piotr<\/li><li>Taranowicz Joanna<\/li><li>Turzyniecki Pawe\u0142<\/li><li>Tytu\u0142a Kamil \u0141ukasz<\/li><li>Wiciejewski Mateusz<\/li><li>Witkowski Pawe\u0142<\/li><li>Wybranowski Krzysztof Marek<br \/><br \/><\/li><\/ol><h3>wych.\u00a0 mgr. Ryszard Daczyszyn<\/h3><h3>Klasa III LO<strong><br \/><\/strong><\/h3><ol><li>Bara\u0144ski Maciej<\/li><li>Bary\u0142a Aleksandra<\/li><li>Bez\u0142ada \u0141ukasz<\/li><li>Bochen Monika<\/li><li>By\u015b Justyna<\/li><li>Czyrka Anna<\/li><li>Denys Daniel<\/li><li>Dubas Andrzej<\/li><li>Dr\u0105\u017cek Grzegorz<\/li><li>Herbut Sebastian<\/li><li>Iwu\u0142a Joanna<\/li><li>Jachymek Ma\u0142gorzata<\/li><li>Jonasz Piotr<\/li><li>Kawa Jaros\u0142aw<\/li><li>K\u0142os Katarzyna<\/li><li>Kosiba Magdalena<\/li><li>Lewandowska Magdalena<\/li><li>Litkowiec Grzegorz<\/li><li>Marczak Aneta<\/li><li>Mazur \u0141ukasz<\/li><li>Michalczyszyn Joanna<\/li><li>Olech Agnieszka<\/li><li>O\u017carowska Justyna<\/li><li>Piasecki Marcin<\/li><li>Pogudz Katarzyna<\/li><li>Rybczy\u0144ski Pawe\u0142<\/li><li>S\u0142awi\u0144ski Tomasz<\/li><li>Skop Patrycja<\/li><li>Sobczuk Anna<\/li><li>Sochan Dawid<\/li><li>Stepuch Marlena<\/li><li>Warmi\u0144ski Artur]<\/li><li>Wysocka Sylwia<\/li><\/ol><p>\u00a0<\/p><p>\u00a0<\/p><\/div>\n\t\t\t\t<\/div>\n\t\t\t\t\t\t\t<div class=\"elementor-accordion-item\">\n\t\t\t\t\t<div id=\"elementor-tab-title-1458\" class=\"elementor-tab-title\" data-tab=\"8\" role=\"button\" aria-controls=\"elementor-tab-content-1458\" aria-expanded=\"false\">\n\t\t\t\t\t\t\t\t\t\t\t\t\t<span class=\"elementor-accordion-icon elementor-accordion-icon-right\" aria-hidden=\"true\">\n\t\t\t\t\t\t\t\t\t\t\t\t\t\t\t<span class=\"elementor-accordion-icon-closed\"><i class=\"fas fa-plus\"><\/i><\/span>\n\t\t\t\t\t\t\t\t<span class=\"elementor-accordion-icon-opened\"><i class=\"fas fa-minus\"><\/i><\/span>\n\t\t\t\t\t\t\t\t\t\t\t\t\t\t<\/span>\n\t\t\t\t\t\t\t\t\t\t\t\t<a class=\"elementor-accordion-title\" tabindex=\"0\">Lata nauki 2006 - 2009<\/a>\n\t\t\t\t\t<\/div>\n\t\t\t\t\t<div id=\"elementor-tab-content-1458\" class=\"elementor-tab-content elementor-clearfix\" data-tab=\"8\" role=\"region\" aria-labelledby=\"elementor-tab-title-1458\"><h3>wych.\u00a0 mgr. Antoni Borkowski<\/h3><h3>Klasa III SG<\/h3><ol><li>Be\u0144ko Konrad<\/li><li>Berbecki Sebastian<\/li><li>Bronikowski Patryk<\/li><li>Diduch Marcin<\/li><li>Dudzinski Damian<\/li><li>Dydiuk Ilona<\/li><li>Garbula Micha\u0142<\/li><li>G\u0142uszek Katarzyna<\/li><li>G\u0142uszek Konrad<\/li><li>G\u00f3rnicka Iwona<\/li><li>Greszta Patrycja<\/li><li>Karczewska Katarzyna<\/li><li>Kawa\u0142ko Przemys\u0142aw<\/li><li>Lewandowska Natalia<\/li><li>Malec Magdalena<\/li><li>Mary\u0144czak Piotr<\/li><li>Mazepa Agnieszka<\/li><li>M\u0105czka Rafa\u0142<\/li><li>M\u0105kal Maria<\/li><li>Nie\u015bcior Micha\u0142<\/li><li>Okarski Jaros\u0142aw<\/li><li>Opalska Anna<\/li><li>Paw\u0142owski Grzegorz<\/li><li>Pszeniczka Marcin<\/li><li>Radomska Joanna<\/li><li>Rembisz Damian<\/li><li>Rybak Marta<\/li><li>Sagan Justyna<\/li><li>S\u0142awi\u0144ski Andrzej<\/li><li>\u015awider Renata<\/li><li>Tyto\u0144 Wojciech<\/li><li>Zwiernik \u0141ukasz<\/li><li>Zwolak Mateusz<br \/><br \/><\/li><\/ol><h3>wych. mgr Iwona R\u0119bisz<\/h3><h3>Klasa III LO<\/h3><ol><li style=\"list-style-type: none;\"><ol><li>Baj Justyna Anna<\/li><li>Bartosz Ewelina Anna<\/li><li>Bartoszyk Sara Krzysztofa<\/li><li>Bednarczuk Damian<\/li><li>Bednarski Pawe\u0142<\/li><li>Chromik Dawid Pawe\u0142<\/li><li>Gancarz Magdalena<\/li><li>Girgiel Jakub<\/li><li>Greszata Malwina Katarzyna<\/li><li>Kawalec Angelika<\/li><li>Klimek Ewelina<\/li><li>Ko\u0142tuniak Piotr Antoni<\/li><li>Kowalski Daniel<\/li><li>\u0141ukaszyk Anna Teresa<\/li><li>\u0141ukaszyk Maciej Marek<\/li><li>\u0141uszcz Anna<\/li><li>Mazur Marek<\/li><li>Mazurek Paulina<\/li><li>Omiotek Aleksandra<\/li><li>Opiela Agata<\/li><li>Siewierski Damian S\u0142awomir<\/li><li>Skroban Damian<\/li><li>Suszek Anna<\/li><li>Winiarczuk Anna Monika<\/li><li>W\u00f3jtowicz Pawe\u0142<\/li><li>\u017burawski Tomasz<\/li><\/ol><\/li><\/ol><\/div>\n\t\t\t\t<\/div>\n\t\t\t\t\t\t\t<div class=\"elementor-accordion-item\">\n\t\t\t\t\t<div id=\"elementor-tab-title-1459\" class=\"elementor-tab-title\" data-tab=\"9\" role=\"button\" aria-controls=\"elementor-tab-content-1459\" aria-expanded=\"false\">\n\t\t\t\t\t\t\t\t\t\t\t\t\t<span class=\"elementor-accordion-icon elementor-accordion-icon-right\" aria-hidden=\"true\">\n\t\t\t\t\t\t\t\t\t\t\t\t\t\t\t<span class=\"elementor-accordion-icon-closed\"><i class=\"fas fa-plus\"><\/i><\/span>\n\t\t\t\t\t\t\t\t<span class=\"elementor-accordion-icon-opened\"><i class=\"fas fa-minus\"><\/i><\/span>\n\t\t\t\t\t\t\t\t\t\t\t\t\t\t<\/span>\n\t\t\t\t\t\t\t\t\t\t\t\t<a class=\"elementor-accordion-title\" tabindex=\"0\">Lata nauki 2007 - 2010<\/a>\n\t\t\t\t\t<\/div>\n\t\t\t\t\t<div id=\"elementor-tab-content-1459\" class=\"elementor-tab-content elementor-clearfix\" data-tab=\"9\" role=\"region\" aria-labelledby=\"elementor-tab-title-1459\"><h3>wych. mgr Mariusz Pasiecznik<\/h3><h3>Klasa III C (SG)<\/h3><ol><li>Bo\u017cek Angelika<\/li><li>Kopaczy\u0144ski Adrian Patryk<\/li><li>Kowalczuk Damian Krzysztof<\/li><li>Krajewski Mic<\/li><li>Lewczuk Dorota<\/li><li>Le\u017cak Marcin<\/li><li>Majerski Bernard Sebastian<\/li><li>M\u0105kal Paulina Justyna<\/li><li>Piwko Sebastian<\/li><li>Pszeniczka Kamil<\/li><li>Racha\u0144ska Katarzyna<\/li><li>Rorat Mateusz<\/li><li>Ry\u0142o Konrad<\/li><li>Sarzy\u0144ska Paulina Katarzyna<\/li><li>Szarowolec Adrian<\/li><li>Wawrzusik Katarzyna<\/li><li>Woch Mateusz<\/li><li>Wojtas Ariel Krzysztof<\/li><li>Zarosa Kamila Maria<\/li><li>Zubiak Mateusz<\/li><li>Zyza S\u0142awomir<br \/><br \/><\/li><\/ol><h3>wych. mgr in\u017c. Aleksandra Jamro\u017c<\/h3><h3>Klasa III LP<\/h3><ol><li>Bude\u0144czuk Joanna<\/li><li>Dzik Klaudia<\/li><li>Golan Damian<\/li><li>G\u00f3rnik Patryk<\/li><li>Ksi\u0105\u017cek Sylwia<\/li><li>\u0141agowski Daniel<\/li><li>\u0141ukowska Marta<\/li><li>Malinowski Mateusz<\/li><li>Osuch Dominika<\/li><li>Sachry\u0144 Izabela<\/li><li>Tyska Joanna<\/li><li>Wa\u017cny Tomasz<\/li><li>Zieleniucha Konrad<br \/><br \/><\/li><\/ol><h3>wych. mgr Barbara Kutek<\/h3><h3>Klasa III A (LO)<strong><br \/><\/strong><\/h3><ol><li>Baj Celina<\/li><li>Buczek Sandra<\/li><li>Chwederowicz Iwona<\/li><li>Cyc Sylwia<\/li><li>Ferenc Magdalena<\/li><li>Ha\u0142ka Weronika<\/li><li>K\u0142ak Dorota<\/li><li>\u0141o\u015b Kamil<\/li><li>Marczak Roland<\/li><li>Portka Pawe\u0142<\/li><li>Ratyna Angelika<\/li><li>Stasiuk Przemys\u0142aw<\/li><li>Talabski Piotr<\/li><li>Warmi\u0144ska Aldona<\/li><li>Wodecka Wioletta<\/li><li>Pasierb Patrycja<\/li><li>Piasecka Joanna<\/li><li>Roczniak Angelika<\/li><li>\u017burawski Grzegorz<br \/><br \/><\/li><\/ol><h3>wych. mgr Cezary U\u015bciak, mgr Aneta Bielecka<\/h3><h3>Klasa III B (SG)<\/h3><ol><li>Bary\u0142a Gra\u017cyna<\/li><li>Be\u0144ko Patryk<\/li><li>Ciszek Damian<\/li><li>Dr\u0105\u017cek Daniel<\/li><li>Durzy\u0144ska Dominika<\/li><li>Fara\u0144czuk Sebastian<\/li><li>Hawrylak Mateusz<\/li><li>Karbowniczek Mateusz<\/li><li>Kosiba Katarzyna<\/li><li>Kuczy\u0144ski Tomasz<\/li><li>Lewicki Przemys\u0142aw<\/li><li>Piasecki Pawe\u0142<\/li><li>P\u00f3\u017aniak Edyta<\/li><li>Tytu\u0142a Magdalena<\/li><li>Wasiura Daniel<\/li><li>Wla\u017a Jolanta<\/li><li>Wojciechowski Grzegorz<\/li><li>Zwolak Agnieszka<\/li><li>Zwolak Ma\u0142gorzata<\/li><li>Roguski Patryk<\/li><\/ol><div class=\"pager\">\u00a0<\/div><p>\u00a0<\/p><p>\u00a0<\/p><\/div>\n\t\t\t\t<\/div>\n\t\t\t\t\t\t\t<div class=\"elementor-accordion-item\">\n\t\t\t\t\t<div id=\"elementor-tab-title-14510\" class=\"elementor-tab-title\" data-tab=\"10\" role=\"button\" aria-controls=\"elementor-tab-content-14510\" aria-expanded=\"false\">\n\t\t\t\t\t\t\t\t\t\t\t\t\t<span class=\"elementor-accordion-icon elementor-accordion-icon-right\" aria-hidden=\"true\">\n\t\t\t\t\t\t\t\t\t\t\t\t\t\t\t<span class=\"elementor-accordion-icon-closed\"><i class=\"fas fa-plus\"><\/i><\/span>\n\t\t\t\t\t\t\t\t<span class=\"elementor-accordion-icon-opened\"><i class=\"fas fa-minus\"><\/i><\/span>\n\t\t\t\t\t\t\t\t\t\t\t\t\t\t<\/span>\n\t\t\t\t\t\t\t\t\t\t\t\t<a class=\"elementor-accordion-title\" tabindex=\"0\">Lata nauki 2008 - 2011<\/a>\n\t\t\t\t\t<\/div>\n\t\t\t\t\t<div id=\"elementor-tab-content-14510\" class=\"elementor-tab-content elementor-clearfix\" data-tab=\"10\" role=\"region\" aria-labelledby=\"elementor-tab-title-14510\"><h3>wych. mgr Marta Smaler<\/h3><h3>Klasa III a<\/h3><ol><li>Adamczuk Katarzyna<\/li><li>Bartosz Joanna<\/li><li>Chwaleba Kamil<\/li><li>Fedziuryna Agnieszka<\/li><li>G\u0142owacka Patrycja<\/li><li>Johan Monika<\/li><li>K\u0142os Agata<\/li><li>Korga Mateusz<\/li><li>Loda Katarzyna<\/li><li>\u0141ysiak Justyna<\/li><li>Mac Ma\u0142gorzata<\/li><li>M\u0105czka Monika<\/li><li>Musiej Joanna<\/li><li>Roma\u0144czuk Anna<\/li><li>Roma\u0144czuk Ludwika<\/li><li>Stachowicz Dominika<\/li><li>Szaruga Marlena<\/li><li>Typa Damian<\/li><li>Umi\u0144ski Krzysztof<\/li><li>W\u0105siura Katarzyna<br \/><br \/><h3>wych. mgr Jolanta Michalczuk<\/h3><h3>Klasa III b<strong><br \/><\/strong><\/h3><ol><li>Bartnicki Ernest<\/li><li>Capko Kamil<\/li><li>Czuk Pawe\u0142<\/li><li>Gajda Anna<\/li><li>Go\u017adzio\u0142ko Dominika<\/li><li>Kawalec Sylwia<\/li><li>Ki\u015b Patryk<\/li><li>Kosty\u0144ski Ernest<\/li><li>Krzysztofowicz Ma\u0142gorzata<\/li><li>Ku\u015bmierz Patryk<\/li><li>Lepionka Mateusz<\/li><li>Maciejko Karolina<\/li><li>Majerski Norbert<\/li><li>Marciniak Micha\u0142<\/li><li>Modrzejewski Jacek<\/li><li>Nabo\u017cny Rados\u0142aw<\/li><li>Nowosad Kamil<\/li><li>Ostaszewski Mateusz<\/li><li>Ostrowski Marcin<\/li><li>Ozna\u0144ska Patrycja<\/li><li>Rechul Marlena<\/li><li>Rorat Mariola<\/li><li>Semczyszyn Marlena<\/li><li>Skowyra Ewelina<\/li><li>Stachurski Kamil<\/li><li>Teresi\u0144ska Gabriela<\/li><\/ol><br \/><br \/><h3>wych. dr Marek Bielecki<\/h3><h3>Klasa III c<strong><br \/><\/strong><\/h3><ol><li>Kania Aleksandra<\/li><li>Kawczy\u0144ski Bart\u0142omiej<\/li><li>Kot \u0141ukasz<\/li><li>Krawczyk Roksana<\/li><li>Lal Pawe\u0142<\/li><li>Liga Pawe\u0142<\/li><li>Monastyrski Przemys\u0142aw<\/li><li>Miazga Iwona<\/li><li>Mos\u00f3r Sebastian<\/li><li>Paw\u0142owski Marcin<\/li><li>Pietrasz Kamil<\/li><li>Piwko Gabriela<\/li><li>\u015awider Adrian<\/li><li>Wersocka Emilia<\/li><li>Woch Kamil<\/li><\/ol><\/li><\/ol><\/div>\n\t\t\t\t<\/div>\n\t\t\t\t\t\t\t<div class=\"elementor-accordion-item\">\n\t\t\t\t\t<div id=\"elementor-tab-title-14511\" class=\"elementor-tab-title\" data-tab=\"11\" role=\"button\" aria-controls=\"elementor-tab-content-14511\" aria-expanded=\"false\">\n\t\t\t\t\t\t\t\t\t\t\t\t\t<span class=\"elementor-accordion-icon elementor-accordion-icon-right\" aria-hidden=\"true\">\n\t\t\t\t\t\t\t\t\t\t\t\t\t\t\t<span class=\"elementor-accordion-icon-closed\"><i class=\"fas fa-plus\"><\/i><\/span>\n\t\t\t\t\t\t\t\t<span class=\"elementor-accordion-icon-opened\"><i class=\"fas fa-minus\"><\/i><\/span>\n\t\t\t\t\t\t\t\t\t\t\t\t\t\t<\/span>\n\t\t\t\t\t\t\t\t\t\t\t\t<a class=\"elementor-accordion-title\" tabindex=\"0\">Lata nauki 2009 - 2012<\/a>\n\t\t\t\t\t<\/div>\n\t\t\t\t\t<div id=\"elementor-tab-content-14511\" class=\"elementor-tab-content elementor-clearfix\" data-tab=\"11\" role=\"region\" aria-labelledby=\"elementor-tab-title-14511\"><h3>Klasa III a<strong><br \/><\/strong><\/h3><ol><li>Dominika B\u0105k<\/li><li>Karol Bednarski<\/li><li>Ma\u0142gorzata Buczak<\/li><li>Krzysztof Buczkowski<\/li><li>Agnieszka Chabra<\/li><li>Marlena Giera<\/li><li>Anna Kancir<\/li><li>Diana Kaznowska<\/li><li>Kamila Ky\u0107<\/li><li>Sandra Marczak<\/li><li>Sebastian Mazur<\/li><li>Karolina Muzyczka<\/li><li>Micha\u0142 Piasecki<\/li><li>Agnieszka Se\u0144<\/li><li>Karol Trze\u015bniowski<\/li><li>Natalia Tybel<\/li><li>Weronika Was\u0105g<\/li><li>Waldemar Wodecki<\/li><li>Rados\u0142aw Zaj\u0105czkowski<br \/><br \/><h3>Klasa III b<\/h3><ol><li>Ma\u0142gorzata Antoniuk<\/li><li>Przemys\u0142aw Bana\u015b<\/li><li>Dominik Bo\u017cek<\/li><li>Karolina G\u00f3rska<\/li><li>Adrian Kude\u0142ko<\/li><li>Jaros\u0142aw Martyniak<\/li><li>\u0141ukasz Patro<\/li><li>Paulina Roma\u0144czuk<\/li><li>Patryk Ro\u017cek<\/li><li>Patrycja Sk\u00f3ra<\/li><li>Konrad Skulik<\/li><li>Magdalena Szalaty<\/li><li>Beata \u015acirka<\/li><li>Aleksandra Zwolak<br \/><br \/><h3>Klasa III c<\/h3><ol><li>Paulina Bro\u0144ska<\/li><li>Ewa Budzaj<\/li><li>Bart\u0142omiej Dr\u0105szcz<\/li><li>Kamila Duda<\/li><li>Patryk Dziura<\/li><li>Marta Ferens<\/li><li>Grzegorz Garbacz<\/li><li>Monika Garbacz<\/li><li>Julia Gruszecka<\/li><li>Justyna Ja\u015bk\u00f3w<\/li><li>Katarzyna K\u0142os<\/li><li>Krzysztof Knia\u017a<\/li><li>Edyta Kogut<\/li><li>Wioleta Kruk<\/li><li>Wies\u0142aw Mazurkiewicz<\/li><li>Amanda Mi\u0119dlarz<\/li><li>Marlena Pacaj<\/li><li>Mateusz Piwko<\/li><li>Jacek Rybak<\/li><li>Ewa Sawicka<\/li><li>Patryk Smol\u0105g<\/li><li>Ewa smyk<\/li><li>Mateusz Umer<\/li><li>Mateusz Wacko<\/li><li>Monika W\u0105sacz<\/li><li>Micha\u0142 Wiciejewski<\/li><\/ol><\/li><\/ol><\/li><\/ol><\/div>\n\t\t\t\t<\/div>\n\t\t\t\t\t\t\t<div class=\"elementor-accordion-item\">\n\t\t\t\t\t<div id=\"elementor-tab-title-14512\" class=\"elementor-tab-title\" data-tab=\"12\" role=\"button\" aria-controls=\"elementor-tab-content-14512\" aria-expanded=\"false\">\n\t\t\t\t\t\t\t\t\t\t\t\t\t<span class=\"elementor-accordion-icon elementor-accordion-icon-right\" aria-hidden=\"true\">\n\t\t\t\t\t\t\t\t\t\t\t\t\t\t\t<span class=\"elementor-accordion-icon-closed\"><i class=\"fas fa-plus\"><\/i><\/span>\n\t\t\t\t\t\t\t\t<span class=\"elementor-accordion-icon-opened\"><i class=\"fas fa-minus\"><\/i><\/span>\n\t\t\t\t\t\t\t\t\t\t\t\t\t\t<\/span>\n\t\t\t\t\t\t\t\t\t\t\t\t<a class=\"elementor-accordion-title\" tabindex=\"0\">Lata nauki 2010 - 2013<\/a>\n\t\t\t\t\t<\/div>\n\t\t\t\t\t<div id=\"elementor-tab-content-14512\" class=\"elementor-tab-content elementor-clearfix\" data-tab=\"12\" role=\"region\" aria-labelledby=\"elementor-tab-title-14512\"><h3>Klasa III a<strong><br \/><\/strong><\/h3><ol><li>Filip Bednarski<\/li><li>Pawe\u0142 Grad<\/li><li>Piotr Grad<\/li><li>Monika Hutko<\/li><li>Monika Kawczy\u0144ska<\/li><li>Katarzyna Klimek<\/li><li>Dawid Krubnik<\/li><li>Maciej Lepionka<\/li><li>Marta Pieprzowska<\/li><li>Magdalena Pitura<\/li><li>Kamil Rzeszowski<\/li><li>Diana Stepach<\/li><li>Dominika Tryndoch<\/li><li>Kamil Tybel<\/li><li>Monika Wa\u017cna<\/li><li>Karolina Wilczak<br \/><br \/><h3>wych.<\/h3><h3>Klasa III b<\/h3><ol><li>Mateusz Bondyra<\/li><li>Pawe\u0142 By\u015b<\/li><li>Dominik Dziuba<\/li><li>Dorota Dziura<\/li><li>Klaudia G\u0119\u015bla<\/li><li>Jacek Greszta<\/li><li>Mateusz Karwa\u0144ski<\/li><li>Joanna Krupa<\/li><li>Katarzyna Lewandowska<\/li><li>Adrian Olech<\/li><li>Dariusz Roma\u0144czuk<\/li><li>Marcin Rycek<\/li><li>Klaudia S\u0142odka<\/li><li>Justyna Taranowicz<\/li><li>Karolina Trochimczuk<\/li><li>Mateusz Wawrzusiszyn<\/li><li>Aleksandra Woch<\/li><li>Katarzyna Woch<\/li><\/ol><\/li><\/ol><\/div>\n\t\t\t\t<\/div>\n\t\t\t\t\t\t\t<div class=\"elementor-accordion-item\">\n\t\t\t\t\t<div id=\"elementor-tab-title-14513\" class=\"elementor-tab-title\" data-tab=\"13\" role=\"button\" aria-controls=\"elementor-tab-content-14513\" aria-expanded=\"false\">\n\t\t\t\t\t\t\t\t\t\t\t\t\t<span class=\"elementor-accordion-icon elementor-accordion-icon-right\" aria-hidden=\"true\">\n\t\t\t\t\t\t\t\t\t\t\t\t\t\t\t<span class=\"elementor-accordion-icon-closed\"><i class=\"fas fa-plus\"><\/i><\/span>\n\t\t\t\t\t\t\t\t<span class=\"elementor-accordion-icon-opened\"><i class=\"fas fa-minus\"><\/i><\/span>\n\t\t\t\t\t\t\t\t\t\t\t\t\t\t<\/span>\n\t\t\t\t\t\t\t\t\t\t\t\t<a class=\"elementor-accordion-title\" tabindex=\"0\">Lata nauki 2011 - 2014<\/a>\n\t\t\t\t\t<\/div>\n\t\t\t\t\t<div id=\"elementor-tab-content-14513\" class=\"elementor-tab-content elementor-clearfix\" data-tab=\"13\" role=\"region\" aria-labelledby=\"elementor-tab-title-14513\"><h3>Klasa III a<strong><br \/><\/strong><\/h3><ol><li>Klaudia Bielecka<\/li><li>Mateusz Pawe\u0142 Cioch<\/li><li>Micha\u0142 Duras<\/li><li>Jaros\u0142aw Gitner<\/li><li>Kamila Klaudia Kostrubiec<\/li><li>Konrad Marczak<\/li><li>Paulina Marszalec<\/li><li>Magdalena Ewa Polak<\/li><li>Klaudia Katarzyna Roczniak<\/li><li>Joanna Wierzchowska<br \/><br \/><h3>Klasa III b<\/h3><ol><li>\u0141ukasz Biront<\/li><li>Rafa\u0142 Chlebicki<\/li><li>Klaudia Dejneka<\/li><li>Kamila Ga\u0142an<\/li><li>Aneta Jolanta G\u0142uszek<\/li><li>Damian Konrad J\u0119dra<\/li><li>Kamil Juryniec<\/li><li>Jakub Juszczak<\/li><li>Magdalena Karczewska<\/li><li>\u0141ukasz Koza<\/li><li>Ewa Monika Krawczyk<\/li><li>Wojciech Kuma<\/li><li>Katarzyna Mazepa<\/li><li>Karol Miko\u0142ajczuk<\/li><li>Marcin Leszek Pasieczny<\/li><li>Jacek Piku\u0142a<\/li><li>Andrzej Przybysz<\/li><li>Barbara Roma\u0144czuk<\/li><li>Ewelina Swatowska<\/li><li>Piotr Norbert Szewczuk<\/li><li>Aleksandra Szwanc<\/li><li>Przemys\u0142aw Konrad \u015awider<\/li><li>Patryk Tucki<\/li><li>Micha\u0142 Zieli\u0144ski<\/li><li>\u0141ukasz Zubiak<\/li><li>Amanda Dominika \u017bukowska<\/li><\/ol><p>\u00a0<\/p><br \/><br \/><\/li><\/ol><\/div>\n\t\t\t\t<\/div>\n\t\t\t\t\t\t\t<div class=\"elementor-accordion-item\">\n\t\t\t\t\t<div id=\"elementor-tab-title-14514\" class=\"elementor-tab-title\" data-tab=\"14\" role=\"button\" aria-controls=\"elementor-tab-content-14514\" aria-expanded=\"false\">\n\t\t\t\t\t\t\t\t\t\t\t\t\t<span class=\"elementor-accordion-icon elementor-accordion-icon-right\" aria-hidden=\"true\">\n\t\t\t\t\t\t\t\t\t\t\t\t\t\t\t<span class=\"elementor-accordion-icon-closed\"><i class=\"fas fa-plus\"><\/i><\/span>\n\t\t\t\t\t\t\t\t<span class=\"elementor-accordion-icon-opened\"><i class=\"fas fa-minus\"><\/i><\/span>\n\t\t\t\t\t\t\t\t\t\t\t\t\t\t<\/span>\n\t\t\t\t\t\t\t\t\t\t\t\t<a class=\"elementor-accordion-title\" tabindex=\"0\">Lata nauki 2012 - 2015<\/a>\n\t\t\t\t\t<\/div>\n\t\t\t\t\t<div id=\"elementor-tab-content-14514\" class=\"elementor-tab-content elementor-clearfix\" data-tab=\"14\" role=\"region\" aria-labelledby=\"elementor-tab-title-14514\"><h3>Klasa III a<strong><br \/><\/strong><\/h3><ol><li>Emil Cioch<\/li><li>Aleksandra Furman<\/li><li>Piotr Hawrylak<\/li><li>Marcin Herda<\/li><li>Paulina Herda<\/li><li>Katarzyna Kancir<\/li><li>Paulina Kuc<\/li><li>Ewa \u0141yta<\/li><li>Martyna Ma\u0142ek<\/li><li>Ernest Nowosad<\/li><li>Marcin Piku\u0142a<\/li><li>Damian Bogdan Rajtak<\/li><li>Katarzyna Roma\u0144czuk<\/li><li>Pawe\u0142 Roma\u0144czuk<\/li><li>Angelika Szalaty<\/li><li>Paulina Maria Szpet<\/li><li>Mateusz Ulanowski<\/li><li>Karolina Umi\u0144ska<\/li><li>Micha\u0142 W\u0105sacz<\/li><li>Kinga Winiarczyk<\/li><li>Dariusz Zwolan<br \/><br \/><h3>Lata nauki 2012 &#8211; 2015,<\/h3><h3>wych.<\/h3><h3>Klasa III b<\/h3><ol><li>Jakub Ba\u0142os<\/li><li>Grzegorz Piotr Brzozowski<\/li><li>Kinga Katarzyna Garbacz<\/li><li>Wioleta Weronika Ksi\u0105\u017cek<\/li><li>Wojciech Jakub Kubecki<\/li><li>Kamil Kusiak<\/li><li>Magdalena Karolina Lepionka<\/li><li>Adrianna Lizak<\/li><li>Wioletta Maria Malec<\/li><li>Dawid Pieprzowski<\/li><li>Kornelia Puchalska<\/li><li>Wojciech Adam Rycek<\/li><li>Artur Szymon Sosnowski<\/li><li>Patryk Janusz Szopa<\/li><li>Jakub \u015awi\u0105der<\/li><li>Wojciech Taranowicz<\/li><li>Barbara Woch<\/li><li>Angelika Beata Wojnarska<\/li><li>Angelika Wybranowska<\/li><\/ol><\/li><\/ol><\/div>\n\t\t\t\t<\/div>\n\t\t\t\t\t\t\t<div class=\"elementor-accordion-item\">\n\t\t\t\t\t<div id=\"elementor-tab-title-14515\" class=\"elementor-tab-title\" data-tab=\"15\" role=\"button\" aria-controls=\"elementor-tab-content-14515\" aria-expanded=\"false\">\n\t\t\t\t\t\t\t\t\t\t\t\t\t<span class=\"elementor-accordion-icon elementor-accordion-icon-right\" aria-hidden=\"true\">\n\t\t\t\t\t\t\t\t\t\t\t\t\t\t\t<span class=\"elementor-accordion-icon-closed\"><i class=\"fas fa-plus\"><\/i><\/span>\n\t\t\t\t\t\t\t\t<span class=\"elementor-accordion-icon-opened\"><i class=\"fas fa-minus\"><\/i><\/span>\n\t\t\t\t\t\t\t\t\t\t\t\t\t\t<\/span>\n\t\t\t\t\t\t\t\t\t\t\t\t<a class=\"elementor-accordion-title\" tabindex=\"0\">Lata nauki 2013 - 2016<\/a>\n\t\t\t\t\t<\/div>\n\t\t\t\t\t<div id=\"elementor-tab-content-14515\" class=\"elementor-tab-content elementor-clearfix\" data-tab=\"15\" role=\"region\" aria-labelledby=\"elementor-tab-title-14515\"><h3>wych. mgr Barbara Kutek<\/h3><h3>Klasa III a<strong><br \/><\/strong><\/h3><ol><li>Cios Kamil<\/li><li>Dworzak And\u017celina Kamila<\/li><li>Ferens Anna<\/li><li>Garbacz Agata<\/li><li>Herda Szymon<\/li><li>Kisiel Sebastian Piotr<\/li><li>Kutek \u0141ukasz<\/li><li>Leja Marcin<\/li><li>Lepionka Paulina<\/li><li>Malec Monika Magdalena<\/li><li>Marczak Jaros\u0142aw<\/li><li>Mazur Artur<\/li><li>Miku\u0142a Bart\u0142omiej<\/li><li>Paw\u0142owski \u0141ukasz Daniel<\/li><li>Piwko Kamil<\/li><li>Ratyna Dominika<\/li><li>Sad\u0142o Piotr<\/li><li>Smoli\u0144ski Micha\u0142 Stanis\u0142aw<\/li><li>Typa Sylwia<\/li><li>Wi\u015bniewski Tomasz Zbigniew<\/li><li>Wodecka Paulina<\/li><li>Wronka Marcin<\/li><\/ol><\/div>\n\t\t\t\t<\/div>\n\t\t\t\t\t\t\t<div class=\"elementor-accordion-item\">\n\t\t\t\t\t<div id=\"elementor-tab-title-14516\" class=\"elementor-tab-title\" data-tab=\"16\" role=\"button\" aria-controls=\"elementor-tab-content-14516\" aria-expanded=\"false\">\n\t\t\t\t\t\t\t\t\t\t\t\t\t<span class=\"elementor-accordion-icon elementor-accordion-icon-right\" aria-hidden=\"true\">\n\t\t\t\t\t\t\t\t\t\t\t\t\t\t\t<span class=\"elementor-accordion-icon-closed\"><i class=\"fas fa-plus\"><\/i><\/span>\n\t\t\t\t\t\t\t\t<span class=\"elementor-accordion-icon-opened\"><i class=\"fas fa-minus\"><\/i><\/span>\n\t\t\t\t\t\t\t\t\t\t\t\t\t\t<\/span>\n\t\t\t\t\t\t\t\t\t\t\t\t<a class=\"elementor-accordion-title\" tabindex=\"0\">Lata nauki 2014 - 2017<\/a>\n\t\t\t\t\t<\/div>\n\t\t\t\t\t<div id=\"elementor-tab-content-14516\" class=\"elementor-tab-content elementor-clearfix\" data-tab=\"16\" role=\"region\" aria-labelledby=\"elementor-tab-title-14516\"><h3>wych. mgr Marta Smaler<\/h3><h3>Klasa III a<\/h3><ol><li>Adamczewski Patryk<\/li><li>Chudyga Natalia<\/li><li>Gozdek Aleksandra<\/li><li>Kominiarczyk Rados\u0142aw<\/li><li>Kulasza Karolina<\/li><li>Ku\u0142ak Krzysztof<\/li><li>Kwiatkowska Marta<\/li><li>Kwiatkowski Kamil<\/li><li>Kwiatkowski Mateusz<\/li><li>Ky\u0107 Aleksandra<\/li><li>\u0141ysakowski Karol<\/li><li>\u0141yta Mariusz<\/li><li>Pieprzowski Mateusz<\/li><li>Pogorzelska Karolina<\/li><li>Ratyna Dawid<\/li><li>Rajtak Grzegorz<\/li><li>Sagan \u0141ukasz<\/li><li>Sajkiewicz Mateusz<\/li><li>Szczepaniak Damian<\/li><li>Tomczuk Kamila<\/li><li>Wybranowski Adrian<\/li><li>Zubiak Karolina<\/li><\/ol><\/div>\n\t\t\t\t<\/div>\n\t\t\t\t\t\t\t<div class=\"elementor-accordion-item\">\n\t\t\t\t\t<div id=\"elementor-tab-title-14517\" class=\"elementor-tab-title\" data-tab=\"17\" role=\"button\" aria-controls=\"elementor-tab-content-14517\" aria-expanded=\"false\">\n\t\t\t\t\t\t\t\t\t\t\t\t\t<span class=\"elementor-accordion-icon elementor-accordion-icon-right\" aria-hidden=\"true\">\n\t\t\t\t\t\t\t\t\t\t\t\t\t\t\t<span class=\"elementor-accordion-icon-closed\"><i class=\"fas fa-plus\"><\/i><\/span>\n\t\t\t\t\t\t\t\t<span class=\"elementor-accordion-icon-opened\"><i class=\"fas fa-minus\"><\/i><\/span>\n\t\t\t\t\t\t\t\t\t\t\t\t\t\t<\/span>\n\t\t\t\t\t\t\t\t\t\t\t\t<a class=\"elementor-accordion-title\" tabindex=\"0\">Lata nauki 2015 - 2018<\/a>\n\t\t\t\t\t<\/div>\n\t\t\t\t\t<div id=\"elementor-tab-content-14517\" class=\"elementor-tab-content elementor-clearfix\" data-tab=\"17\" role=\"region\" aria-labelledby=\"elementor-tab-title-14517\"><h4>wych. mgr Katarzyna Wronka<\/h4><h4>Klasa III a<strong><br \/><\/strong><\/h4><ol><li>\u00a0Czapli\u0144ski Miros\u0142aw<\/li><li>Fedorowicz Weronika<\/li><li>Gitner Aleksandra<\/li><li>Herman Agnieszka<\/li><li>J\u00f3zwa Karolina<\/li><li>Kara\u015b Anita<\/li><li>Kolbuch Kamila<\/li><li>Kominiarczyk Adrian<\/li><li>Kwiatkowska Aleksandra<\/li><li>Olizarowska Diana<\/li><li>Ostaszewski Artur<\/li><li>\u015awi\u0105tko Dominik<\/li><li>W\u0119gli\u0144ski Pawe\u0142<\/li><li>\u017bukowski Tomasz<\/li><\/ol><\/div>\n\t\t\t\t<\/div>\n\t\t\t\t\t\t\t<div class=\"elementor-accordion-item\">\n\t\t\t\t\t<div id=\"elementor-tab-title-14518\" class=\"elementor-tab-title\" data-tab=\"18\" role=\"button\" aria-controls=\"elementor-tab-content-14518\" aria-expanded=\"false\">\n\t\t\t\t\t\t\t\t\t\t\t\t\t<span class=\"elementor-accordion-icon elementor-accordion-icon-right\" aria-hidden=\"true\">\n\t\t\t\t\t\t\t\t\t\t\t\t\t\t\t<span class=\"elementor-accordion-icon-closed\"><i class=\"fas fa-plus\"><\/i><\/span>\n\t\t\t\t\t\t\t\t<span class=\"elementor-accordion-icon-opened\"><i class=\"fas fa-minus\"><\/i><\/span>\n\t\t\t\t\t\t\t\t\t\t\t\t\t\t<\/span>\n\t\t\t\t\t\t\t\t\t\t\t\t<a class=\"elementor-accordion-title\" tabindex=\"0\">Lata nauki 2016 - 2019<\/a>\n\t\t\t\t\t<\/div>\n\t\t\t\t\t<div id=\"elementor-tab-content-14518\" class=\"elementor-tab-content elementor-clearfix\" data-tab=\"18\" role=\"region\" aria-labelledby=\"elementor-tab-title-14518\"><h4>wych. mgr Barbara Kutek<\/h4><h4>Klasa III a<\/h4><ol><li>Budzy\u0144ska Natalia<\/li><li>Cioch Maja<\/li><li>Dydiuk Gabriela<\/li><li>Dworzak Diana<\/li><li>Herda Mateusz<\/li><li>Kogut Natalia<\/li><li>Kutek Julia<\/li><li>Nowosad Karol<\/li><li>Tama Kacper<\/li><li>Tch\u00f3rzewski Jakub<\/li><li>Wi\u015bniewska Ewa<\/li><li>\u017bo\u0142nierz\u00f3w Klaudia<\/li><li>Duda Patryk<\/li><li>Duda Kamil<\/li><li>Kukie\u0142ka Adrian<\/li><li>Kukie\u0142ka Gabriela<\/li><li>Pacaj Magdalena<\/li><li>Siwy Dawid<\/li><li>U\u017cwa Pawe\u0142<\/li><\/ol><\/div>\n\t\t\t\t<\/div>\n\t\t\t\t\t\t\t<div class=\"elementor-accordion-item\">\n\t\t\t\t\t<div id=\"elementor-tab-title-14519\" class=\"elementor-tab-title\" data-tab=\"19\" role=\"button\" aria-controls=\"elementor-tab-content-14519\" aria-expanded=\"false\">\n\t\t\t\t\t\t\t\t\t\t\t\t\t<span class=\"elementor-accordion-icon elementor-accordion-icon-right\" aria-hidden=\"true\">\n\t\t\t\t\t\t\t\t\t\t\t\t\t\t\t<span class=\"elementor-accordion-icon-closed\"><i class=\"fas fa-plus\"><\/i><\/span>\n\t\t\t\t\t\t\t\t<span class=\"elementor-accordion-icon-opened\"><i class=\"fas fa-minus\"><\/i><\/span>\n\t\t\t\t\t\t\t\t\t\t\t\t\t\t<\/span>\n\t\t\t\t\t\t\t\t\t\t\t\t<a class=\"elementor-accordion-title\" tabindex=\"0\">Lata nauki 2017 - 2020<\/a>\n\t\t\t\t\t<\/div>\n\t\t\t\t\t<div id=\"elementor-tab-content-14519\" class=\"elementor-tab-content elementor-clearfix\" data-tab=\"19\" role=\"region\" aria-labelledby=\"elementor-tab-title-14519\"><h4>wych. mgr Iwona R\u0119bisz<\/h4><h4>Klasa III a<\/h4><ol><li>Bude\u0144ko Natalia<\/li><li>Jankowski Szymon<\/li><li>Jedrusina Kamila<\/li><li>Kisiel Paulina<\/li><li>Kitka Brajan<\/li><li>Kr\u00f3l Norbert<\/li><li>Kuc Kamila<\/li><li>Marczak Szymon<\/li><li>Materna \u0141ukasz<\/li><li>Nazarczuk Klaudia<\/li><li>Ner\u00f3d Dominika<\/li><li>Nowosad Sebastian<\/li><li>Oleszczuk Jakub<\/li><li>Panek Jakub<\/li><li>Piku\u0142a Marek<\/li><li>Puchalski Damian<\/li><li>R\u0119bisz Micha\u0142<\/li><li>Roma\u0144czuk Piotr<\/li><li>Szopa Zuzanna<\/li><li>Teterycz \u0141ukasz<\/li><li>Wi\u015bniewska Joanna<\/li><li>Woch Sylwia<\/li><li>Jurczyszyn Agata<\/li><\/ol><\/div>\n\t\t\t\t<\/div>\n\t\t\t\t\t\t\t\t<\/div>\n\t\t\t\t\t\t<\/div>\n\t\t\t\t<\/div>\n\t\t\t\t<div class=\"elementor-element elementor-element-3a76b9d elementor-invisible elementor-widget elementor-widget-text-editor\" data-id=\"3a76b9d\" data-element_type=\"widget\" data-e-type=\"widget\" data-settings=\"{&quot;_animation&quot;:&quot;fadeIn&quot;}\" data-widget_type=\"text-editor.default\">\n\t\t\t\t<div class=\"elementor-widget-container\">\n\t\t\t\t\t\t\t\t\t<h3 style=\"margin-top: 12px; margin-bottom: 12px; font-family: Verdana; line-height: 20px; color: #868484; text-rendering: optimizelegibility; font-size: 18px; font-style: normal;\"><strong>Policealne Studium Informatyczne<\/strong><\/h3>\t\t\t\t\t\t\t\t<\/div>\n\t\t\t\t<\/div>\n\t\t\t\t<div class=\"elementor-element elementor-element-aeb62c8 elementor-widget elementor-widget-accordion\" data-id=\"aeb62c8\" data-element_type=\"widget\" data-e-type=\"widget\" data-widget_type=\"accordion.default\">\n\t\t\t\t<div class=\"elementor-widget-container\">\n\t\t\t\t\t\t\t<div class=\"elementor-accordion\">\n\t\t\t\t\t\t\t<div class=\"elementor-accordion-item\">\n\t\t\t\t\t<div id=\"elementor-tab-title-1831\" class=\"elementor-tab-title\" data-tab=\"1\" role=\"button\" aria-controls=\"elementor-tab-content-1831\" aria-expanded=\"false\">\n\t\t\t\t\t\t\t\t\t\t\t\t\t<span class=\"elementor-accordion-icon elementor-accordion-icon-right\" aria-hidden=\"true\">\n\t\t\t\t\t\t\t\t\t\t\t\t\t\t\t<span class=\"elementor-accordion-icon-closed\"><i class=\"fas fa-plus\"><\/i><\/span>\n\t\t\t\t\t\t\t\t<span class=\"elementor-accordion-icon-opened\"><i class=\"fas fa-minus\"><\/i><\/span>\n\t\t\t\t\t\t\t\t\t\t\t\t\t\t<\/span>\n\t\t\t\t\t\t\t\t\t\t\t\t<a class=\"elementor-accordion-title\" tabindex=\"0\">Lata nauki 2002 - 2004<\/a>\n\t\t\t\t\t<\/div>\n\t\t\t\t\t<div id=\"elementor-tab-content-1831\" class=\"elementor-tab-content elementor-clearfix\" data-tab=\"1\" role=\"region\" aria-labelledby=\"elementor-tab-title-1831\"><p>wych. lic. Grzegorz Hawrylak<\/p><p><strong>Semestr IV<\/strong><\/p><p>1. Antonik Krzysztof<br \/>2. Bardega Tomasz<br \/>3. Bartosiewicz Bogdan<br \/>4. Bednarz Agnieszka<br \/>5. Bednarz Tomasz<br \/>6. B\u0142achuta Tomasz<br \/>7. Dro\u017adziel Pawe\u0142<br \/>8. Dublowska Ewelina<br \/>9. Dzik Justyna<br \/>10. Gitner Pawe\u0142<br \/>11. Jakubiak Krystyna<br \/>12. Kalita Marcin<br \/>13. Karpiuk Micha\u0142<br \/>14. Kaziuk Marek<br \/>15. Kielar Sebastian<br \/>16. Kwiecie\u0144 El\u017cbieta<br \/>17. Martyniuk \u0141ukasz<br \/>18. Mrozowska Agata<br \/>19. Paczkowski Maciej<br \/>20. Pi\u0105tkowski Kamil<br \/>21. Podobi\u0144ski Adam<br \/>22. Roma\u0144czuk Adam<br \/>23. Ste\u0107 Marzena<br \/>24. Swatowska Anna<br \/>25. Szpinda Teresa<br \/>26. \u015acirka Bart\u0142omiej<br \/>27. Taras Sylwia<br \/>28. Tarnowska Justyna<br \/>29. Wojciechowska Justyna<br \/>30. Wojciechowska Magdalena<br \/>31. W\u00f3jtowicz Anna<br \/>32. W\u00f3jtowicz Piotr<\/p><\/div>\n\t\t\t\t<\/div>\n\t\t\t\t\t\t\t<div class=\"elementor-accordion-item\">\n\t\t\t\t\t<div id=\"elementor-tab-title-1832\" class=\"elementor-tab-title\" data-tab=\"2\" role=\"button\" aria-controls=\"elementor-tab-content-1832\" aria-expanded=\"false\">\n\t\t\t\t\t\t\t\t\t\t\t\t\t<span class=\"elementor-accordion-icon elementor-accordion-icon-right\" aria-hidden=\"true\">\n\t\t\t\t\t\t\t\t\t\t\t\t\t\t\t<span class=\"elementor-accordion-icon-closed\"><i class=\"fas fa-plus\"><\/i><\/span>\n\t\t\t\t\t\t\t\t<span class=\"elementor-accordion-icon-opened\"><i class=\"fas fa-minus\"><\/i><\/span>\n\t\t\t\t\t\t\t\t\t\t\t\t\t\t<\/span>\n\t\t\t\t\t\t\t\t\t\t\t\t<a class=\"elementor-accordion-title\" tabindex=\"0\">Lata nauki 2003 - 2005<\/a>\n\t\t\t\t\t<\/div>\n\t\t\t\t\t<div id=\"elementor-tab-content-1832\" class=\"elementor-tab-content elementor-clearfix\" data-tab=\"2\" role=\"region\" aria-labelledby=\"elementor-tab-title-1832\"><p>wych. mgr Mariusz Pasiecznik<\/p><p><strong>Semestr IV<\/strong><\/p><p>1. Ba\u0142ka \u0141ukasz<br \/>2. Gawlik Robert<br \/>3. Johan Agnieszka<br \/>4. Kalita Ewelina<br \/>5. Krawczy\u0144 Katarzyna<br \/>6. Kuzdra Anna<br \/>7. Ku\u017aniarki Piotr<br \/>8. Kwiecie\u0144 Anna<br \/>9. \u0141uszcz Edyta<br \/>10. Mac Bart\u0142omiej<br \/>11. Majewski Grzegorz<br \/>12. Ma\u0142ecki Marcin<br \/>13. Podoba Jakub<br \/>14. Roma\u0144czuk Dariusz<br \/>15. Se\u0144 Iwona<br \/>16. Sieczkowski Andrzej<br \/>17. Skowyra Agnieszka<br \/>18. Smol\u0105g Krzysztof<br \/>19. Swatowska Edyta<br \/>20. Zrol Tomasz<\/p><\/div>\n\t\t\t\t<\/div>\n\t\t\t\t\t\t\t<div class=\"elementor-accordion-item\">\n\t\t\t\t\t<div id=\"elementor-tab-title-1833\" class=\"elementor-tab-title\" data-tab=\"3\" role=\"button\" aria-controls=\"elementor-tab-content-1833\" aria-expanded=\"false\">\n\t\t\t\t\t\t\t\t\t\t\t\t\t<span class=\"elementor-accordion-icon elementor-accordion-icon-right\" aria-hidden=\"true\">\n\t\t\t\t\t\t\t\t\t\t\t\t\t\t\t<span class=\"elementor-accordion-icon-closed\"><i class=\"fas fa-plus\"><\/i><\/span>\n\t\t\t\t\t\t\t\t<span class=\"elementor-accordion-icon-opened\"><i class=\"fas fa-minus\"><\/i><\/span>\n\t\t\t\t\t\t\t\t\t\t\t\t\t\t<\/span>\n\t\t\t\t\t\t\t\t\t\t\t\t<a class=\"elementor-accordion-title\" tabindex=\"0\">Lata nauki 2004 - 2006<\/a>\n\t\t\t\t\t<\/div>\n\t\t\t\t\t<div id=\"elementor-tab-content-1833\" class=\"elementor-tab-content elementor-clearfix\" data-tab=\"3\" role=\"region\" aria-labelledby=\"elementor-tab-title-1833\"><p>wych. lic. Grzegorz Hawrylak<\/p><p>Semestr IV<\/p><p>1. Buczek Adam<br \/>2. K\u0119dziora Agata<br \/>3. Kozak Daniel<br \/>4. Kwiecie\u0144 Aneta<br \/>5. Majewska Sylwia<br \/>6. Matwiejczuk Kamil<br \/>7. Motyl Piotr<br \/>8. Niechaj Adrian<\/p><\/div>\n\t\t\t\t<\/div>\n\t\t\t\t\t\t\t<div class=\"elementor-accordion-item\">\n\t\t\t\t\t<div id=\"elementor-tab-title-1834\" class=\"elementor-tab-title\" data-tab=\"4\" role=\"button\" aria-controls=\"elementor-tab-content-1834\" aria-expanded=\"false\">\n\t\t\t\t\t\t\t\t\t\t\t\t\t<span class=\"elementor-accordion-icon elementor-accordion-icon-right\" aria-hidden=\"true\">\n\t\t\t\t\t\t\t\t\t\t\t\t\t\t\t<span class=\"elementor-accordion-icon-closed\"><i class=\"fas fa-plus\"><\/i><\/span>\n\t\t\t\t\t\t\t\t<span class=\"elementor-accordion-icon-opened\"><i class=\"fas fa-minus\"><\/i><\/span>\n\t\t\t\t\t\t\t\t\t\t\t\t\t\t<\/span>\n\t\t\t\t\t\t\t\t\t\t\t\t<a class=\"elementor-accordion-title\" tabindex=\"0\">Lata nauki 2005 - 2007<\/a>\n\t\t\t\t\t<\/div>\n\t\t\t\t\t<div id=\"elementor-tab-content-1834\" class=\"elementor-tab-content elementor-clearfix\" data-tab=\"4\" role=\"region\" aria-labelledby=\"elementor-tab-title-1834\"><p>\u00a0wych. lic. Grzegorz Hawrylak<\/p><p>Semestr IV<\/p><p>1. Grabczuk Monika<br \/>2. Ko\u0142tuniak Marcin<br \/>3. Koz\u0142owska Agnieszka<br \/>4. Kuma Konrad<br \/>5. Litkowiec Jacek<br \/>6. Opiela Agnieszka<br \/>7. Se\u0144 Grzegorz<br \/>8. S\u0142awi\u0144ski Zbigniew<br \/>9. Sztajdel Grzegorz<br \/>10. Wrona Justyna<br \/>11. Zar\u0119bski Jacek<\/p><\/div>\n\t\t\t\t<\/div>\n\t\t\t\t\t\t\t\t<\/div>\n\t\t\t\t\t\t<\/div>\n\t\t\t\t<\/div>\n\t\t\t\t\t<\/div>\n\t\t<\/div>\n\t\t\t\t<div class=\"elementor-column elementor-col-16 elementor-top-column elementor-element elementor-element-771a39a1\" data-id=\"771a39a1\" data-element_type=\"column\" data-e-type=\"column\">\n\t\t\t<div class=\"elementor-widget-wrap\">\n\t\t\t\t\t\t\t<\/div>\n\t\t<\/div>\n\t\t\t\t\t<\/div>\n\t\t<\/section>\n\t\t\t\t<section class=\"elementor-section elementor-top-section elementor-element elementor-element-356f22ef elementor-section-boxed elementor-section-height-default elementor-section-height-default\" data-id=\"356f22ef\" data-element_type=\"section\" data-e-type=\"section\" data-settings=\"{&quot;background_background&quot;:&quot;classic&quot;}\">\n\t\t\t\t\t\t\t<div class=\"elementor-background-overlay\"><\/div>\n\t\t\t\t\t\t\t<div class=\"elementor-container elementor-column-gap-wider\">\n\t\t\t\t\t<div class=\"elementor-column elementor-col-100 elementor-top-column elementor-element elementor-element-295ba876 elementor-invisible\" data-id=\"295ba876\" data-element_type=\"column\" data-e-type=\"column\" data-settings=\"{&quot;background_background&quot;:&quot;classic&quot;,&quot;animation&quot;:&quot;fadeIn&quot;}\">\n\t\t\t<div class=\"elementor-widget-wrap elementor-element-populated\">\n\t\t\t\t\t\t<div class=\"elementor-element elementor-element-2a02c2ca elementor-invisible elementor-widget elementor-widget-heading\" data-id=\"2a02c2ca\" data-element_type=\"widget\" data-e-type=\"widget\" data-settings=\"{&quot;_animation_delay&quot;:70,&quot;_animation&quot;:&quot;fadeIn&quot;}\" data-widget_type=\"heading.default\">\n\t\t\t\t<div class=\"elementor-widget-container\">\n\t\t\t\t\t<h2 class=\"elementor-heading-title elementor-size-default\">W sprawie Klubu Absolwenta<\/h2>\t\t\t\t<\/div>\n\t\t\t\t<\/div>\n\t\t\t\t<div class=\"elementor-element elementor-element-5804c82d elementor-widget elementor-widget-text-editor\" data-id=\"5804c82d\" data-element_type=\"widget\" data-e-type=\"widget\" data-widget_type=\"text-editor.default\">\n\t\t\t\t<div class=\"elementor-widget-container\">\n\t\t\t\t\t\t\t\t\tprosimy o kontakt\nz sekretariatem szko\u0142y lub bezpo\u015brednio z\nopiekunem Pani\u0105 Katarzyn\u0105 Warmi\u0144sk\u0105.\t\t\t\t\t\t\t\t<\/div>\n\t\t\t\t<\/div>\n\t\t\t\t\t<\/div>\n\t\t<\/div>\n\t\t\t\t\t<\/div>\n\t\t<\/section>\n\t\t\t\t<\/div>\n\t\t","protected":false},"excerpt":{"rendered":"<p>Nasi absolwenci lata nauki Absolwenci Liceum og\u00f3lnokszta\u0142c\u0105ce Lata nauki 1998 &#8211; 2002 wych. mgr Antoni Borkowski 1. Bednarz Agnieszka2. Dublowska Ewelina3. Duras Jadwiga4. Dymytryczyn Angelika5. Dzik Justyna6. Franasz Sylwia7. Furman Anna8. Ga\u0142czy\u0144ska Iwona9. Gancarz Ma\u0142gorzata10. Harbuz Ma\u0142gorzata11. Kalita Ewelina12. Kancir Ewa13. Kancir Monika14. Koper Iwona15. Kusiak Janina16. Kwiecie\u0144 El\u017cbieta17. \u0141yczko Joanna18. Majewska Anna19. Martyniak Angelika20. &hellip;<\/p>\n<p class=\"read-more\"> <a class=\"\" href=\"https:\/\/liceumlaszczow.eu\/index.php\/nasi-absolwenci\/\"> <span class=\"screen-reader-text\">Nasi absolwenci<\/span> Read More &raquo;<\/a><\/p>\n","protected":false},"author":1,"featured_media":0,"parent":0,"menu_order":0,"comment_status":"closed","ping_status":"closed","template":"","meta":{"site-sidebar-layout":"no-sidebar","site-content-layout":"page-builder","ast-main-header-display":"","ast-hfb-above-header-display":"","ast-hfb-below-header-display":"","ast-hfb-mobile-header-display":"","site-post-title":"disabled","ast-breadcrumbs-content":"","ast-featured-img":"disabled","footer-sml-layout":"","theme-transparent-header-meta":"","adv-header-id-meta":"","stick-header-meta":"","header-above-stick-meta":"","header-main-stick-meta":"","header-below-stick-meta":"","footnotes":""},"class_list":["post-39","page","type-page","status-publish","hentry"],"_links":{"self":[{"href":"https:\/\/liceumlaszczow.eu\/index.php\/wp-json\/wp\/v2\/pages\/39","targetHints":{"allow":["GET"]}}],"collection":[{"href":"https:\/\/liceumlaszczow.eu\/index.php\/wp-json\/wp\/v2\/pages"}],"about":[{"href":"https:\/\/liceumlaszczow.eu\/index.php\/wp-json\/wp\/v2\/types\/page"}],"author":[{"embeddable":true,"href":"https:\/\/liceumlaszczow.eu\/index.php\/wp-json\/wp\/v2\/users\/1"}],"replies":[{"embeddable":true,"href":"https:\/\/liceumlaszczow.eu\/index.php\/wp-json\/wp\/v2\/comments?post=39"}],"version-history":[{"count":49,"href":"https:\/\/liceumlaszczow.eu\/index.php\/wp-json\/wp\/v2\/pages\/39\/revisions"}],"predecessor-version":[{"id":1142,"href":"https:\/\/liceumlaszczow.eu\/index.php\/wp-json\/wp\/v2\/pages\/39\/revisions\/1142"}],"wp:attachment":[{"href":"https:\/\/liceumlaszczow.eu\/index.php\/wp-json\/wp\/v2\/media?parent=39"}],"curies":[{"name":"wp","href":"https:\/\/api.w.org\/{rel}","templated":true}]}}